{"id":29968,"date":"2023-05-22T11:38:01","date_gmt":"2023-05-22T09:38:01","guid":{"rendered":"https:\/\/www.sindicaturabarcelona.cat\/comissio-de-reparacio-per-a-victimes-de-violencia-sexual-en-la-infancia-adolescencia-i-joventut-a-les-escoles-de-barcelona\/"},"modified":"2023-09-05T16:03:55","modified_gmt":"2023-09-05T14:03:55","slug":"comision-de-reparacion-para-victimas-de-violencia-sexual-en-la-infancia-adolescencia-y-juventud-de-las-escuelas-de-barcelona","status":"publish","type":"page","link":"https:\/\/www.sindicaturabarcelona.cat\/es\/comision-de-reparacion-para-victimas-de-violencia-sexual-en-la-infancia-adolescencia-y-juventud-de-las-escuelas-de-barcelona\/","title":{"rendered":"Comisi\u00f3n de reparaci\u00f3n para v\u00edctimas de violencia sexual en la infancia, adolescencia y juventud de las escuelas de Barcelona."},"content":{"rendered":"\n<div class=\"wp-block-group landing_intro fons_blau\"><div class=\"wp-block-group__inner-container is-layout-constrained wp-block-group-is-layout-constrained\">\n<p class=\"landing_intro_inner\">La Sindicatura de Greuges de Barcelona ha impulsado la creaci\u00f3n de una comisi\u00f3n de reparaci\u00f3n para personas supervivientes de violencia sexual en las escuelas de Barcelona. Aqu\u00ed te explicamos qu\u00e9 es, qui\u00e9n la conforma y c\u00f3mo acceder al proceso que ofrece.<\/p>\n<\/div><\/div>\n\n\n\n<div class=\"wp-block-group landing_franja landing_acces\"><div class=\"wp-block-group__inner-container is-layout-constrained wp-block-group-is-layout-constrained\">\n<div class=\"wp-block-group wrap\"><div class=\"wp-block-group__inner-container is-layout-constrained wp-block-group-is-layout-constrained\">\n<figure class=\"wp-block-image size-full ico_apartat\"><img decoding=\"async\" src=\"https:\/\/www.sindicaturabarcelona.cat\/wp-content\/uploads\/ico_acces.svg\" alt=\"\" class=\"wp-image-29510\"\/><\/figure>\n\n\n\n<h2 class=\"wp-block-heading\">Acceso<\/h2>\n\n\n\n<div class=\"wp-block-group grid_landing\"><div class=\"wp-block-group__inner-container is-layout-constrained wp-block-group-is-layout-constrained\">\n<div class=\"wp-block-group\"><div class=\"wp-block-group__inner-container is-layout-constrained wp-block-group-is-layout-constrained\">\n<figure class=\"wp-block-image size-full\"><img decoding=\"async\" src=\"https:\/\/www.sindicaturabarcelona.cat\/wp-content\/uploads\/ico_acces_tel.svg\" alt=\"\" class=\"wp-image-29488\"\/><\/figure>\n\n\n\n<h3 class=\"wp-block-heading\">Tel\u00e9fono y Whatsapp<\/h3>\n\n\n\n<p><strong>678 46 99 36<\/strong><\/p>\n\n\n\n<p>Horario de atenci\u00f3n:<br>Lunes a jueves de 8 a 18 h<br>Viernes de 8 a 14 h<\/p>\n<\/div><\/div>\n\n\n\n<div class=\"wp-block-group\"><div class=\"wp-block-group__inner-container is-layout-constrained wp-block-group-is-layout-constrained\">\n<figure class=\"wp-block-image size-full\"><img decoding=\"async\" src=\"https:\/\/www.sindicaturabarcelona.cat\/wp-content\/uploads\/ico_acces_mail.svg\" alt=\"\" class=\"wp-image-29482\"\/><\/figure>\n\n\n\n<h3 class=\"wp-block-heading\">Correo electr\u00f3nico<\/h3>\n\n\n\n<p><strong>Enviar correo a:<\/strong><br><a href=\"mailto:comissio.reparacio@sindicatura.barcelona\" target=\"_blank\" rel=\"noreferrer noopener\">comissio.reparacio@sindicatura.barcelona<\/a><\/p>\n<\/div><\/div>\n\n\n\n<div class=\"wp-block-group\"><div class=\"wp-block-group__inner-container is-layout-constrained wp-block-group-is-layout-constrained\">\n<figure class=\"wp-block-image size-full\"><img decoding=\"async\" src=\"https:\/\/www.sindicaturabarcelona.cat\/wp-content\/uploads\/ico_acces_presencial.svg\" alt=\"\" class=\"wp-image-29485\"\/><\/figure>\n\n\n\n<h3 class=\"wp-block-heading\">Presencialmente<\/h3>\n\n\n\n<p><strong>Sede de la Sindicatura<\/strong><br>Ronda de Sant Pau 45, 3\u00aa planta<br>(concertar cita previa mediante el tel\u00e9fono 678 46 99 36)<\/p>\n<\/div><\/div>\n<\/div><\/div>\n<\/div><\/div>\n<\/div><\/div>\n\n\n\n<div class=\"wp-block-group landing_franja fons_blau landing_objectius\"><div class=\"wp-block-group__inner-container is-layout-constrained wp-block-group-is-layout-constrained\">\n<div class=\"wp-block-group wrap\"><div class=\"wp-block-group__inner-container is-layout-constrained wp-block-group-is-layout-constrained\">\n<figure class=\"wp-block-image size-full ico_apartat\"><img decoding=\"async\" src=\"https:\/\/www.sindicaturabarcelona.cat\/wp-content\/uploads\/ico_objectius.svg\" alt=\"\" class=\"wp-image-29513\"\/><\/figure>\n\n\n\n<h2 class=\"wp-block-heading\">Cu\u00e1les son los objetivos de la Comisi\u00f3n<\/h2>\n\n\n\n<div class=\"wp-block-group\"><div class=\"wp-block-group__inner-container is-layout-constrained wp-block-group-is-layout-constrained\">\n<p class=\"has-text-align-center\">La Comisi\u00f3n de reparaci\u00f3n tiene un triple objetivo:<\/p>\n\n\n\n<div class=\"wp-block-group grid_landing\"><div class=\"wp-block-group__inner-container is-layout-constrained wp-block-group-is-layout-constrained\">\n<div class=\"wp-block-group\"><div class=\"wp-block-group__inner-container is-layout-constrained wp-block-group-is-layout-constrained\">\n<h3 class=\"wp-block-heading\">Escucha activa<\/h3>\n\n\n\n<p>Proporcionar un<strong> espacio institucional de escucha activa<\/strong>, que permita identificar los mecanismos adecuados de reparaci\u00f3n del da\u00f1o.<\/p>\n<\/div><\/div>\n\n\n\n<div class=\"wp-block-group\"><div class=\"wp-block-group__inner-container is-layout-constrained wp-block-group-is-layout-constrained\">\n<h3 class=\"wp-block-heading\">Acto de reparaci\u00f3n<\/h3>\n\n\n\n<p>Impulsar la celebraci\u00f3n de un <strong>acto de reparaci\u00f3n<\/strong>, a puerta cerrada, con las instituciones responsables, que sirva para reconocer el da\u00f1o y pedir perd\u00f3n.<\/p>\n<\/div><\/div>\n\n\n\n<div class=\"wp-block-group\"><div class=\"wp-block-group__inner-container is-layout-constrained wp-block-group-is-layout-constrained\">\n<h3 class=\"wp-block-heading\">Mejora de la prevenci\u00f3n<\/h3>\n\n\n\n<p>Nutrir una reflexi\u00f3n sobre c\u00f3mo <strong>mejorar la prevenci\u00f3n<\/strong> de estos tipos de hechos.<\/p>\n<\/div><\/div>\n<\/div><\/div>\n\n\n\n<p class=\"has-text-align-center\">Este mecanismo est\u00e1 enfocado a ofrecer una respuesta institucional a las v\u00edctimas ante casos prescritos de violencia sexual.<\/p>\n<\/div><\/div>\n<\/div><\/div>\n<\/div><\/div>\n\n\n\n<div class=\"wp-block-group landing_franja landing_membres\"><div class=\"wp-block-group__inner-container is-layout-constrained wp-block-group-is-layout-constrained\">\n<div class=\"wp-block-group wrap\"><div class=\"wp-block-group__inner-container is-layout-constrained wp-block-group-is-layout-constrained\">\n<figure class=\"wp-block-image size-full ico_apartat\"><img decoding=\"async\" src=\"https:\/\/www.sindicaturabarcelona.cat\/wp-content\/uploads\/ico_membres.svg\" alt=\"\" class=\"wp-image-29516\"\/><\/figure>\n\n\n\n<h2 class=\"wp-block-heading\">Qui\u00e9n forma la Comisi\u00f3n de reparaci\u00f3n<\/h2>\n\n\n\n<p class=\"has-text-align-center\">La comisi\u00f3n de reparaci\u00f3n est\u00e1 formada por tres personas y es apoyada por un grupo asesor, coordinados por la Sindicatura de Greuges de Barcelona.<\/p>\n\n\n\n<div class=\"wp-block-columns is-layout-flex wp-container-core-columns-is-layout-9d6595d7 wp-block-columns-is-layout-flex\">\n<div class=\"wp-block-column is-layout-flow wp-block-column-is-layout-flow\">\n<p><strong>Las tres personas que conforman la Comisi\u00f3n son profesionales expertas en violencias<\/strong> que participan en el acompa\u00f1amiento y escucha a las personas que quieren participar en el proceso. Forman parte:<\/p>\n\n\n\n<ul class=\"wp-block-list\">\n<li><strong>Olga Casado<\/strong>, m\u00e9dica de familia y miembro del <a href=\"https:\/\/www.sindic.cat\/ca\/page.asp?id=322\" target=\"_blank\" rel=\"noreferrer noopener\">Mecanisme Catal\u00e0 de Prevenci\u00f3 de la Tortura (MCPT)<\/a><\/li>\n\n\n\n<li><strong>Mireia Forner<\/strong>, psic\u00f3loga cl\u00ednica del <a href=\"https:\/\/ajuntament.barcelona.cat\/dones\/sites\/default\/files\/documents\/informacio_equip_emma_act_nov_21.pdf\" target=\"_blank\" rel=\"noreferrer noopener\">Equip EMMA de l\u2019Hospital Universitari Vall Hebron<\/a><\/li>\n\n\n\n<li><strong>Carla Vall<\/strong>, <a href=\"https:\/\/carlavall.com\/es\/\" target=\"_blank\" rel=\"noreferrer noopener\">abogada penalista y crimin\u00f3loga.<\/a><\/li>\n<\/ul>\n<\/div>\n\n\n\n<div class=\"wp-block-column is-layout-flow wp-block-column-is-layout-flow\">\n<p>A su vez, <strong>el grupo asesor ofrece acompa\u00f1amiento al trabajo de la Comisi\u00f3n<\/strong>. Forman parte:<\/p>\n\n\n\n<ul class=\"wp-block-list\">\n<li><strong>Vicky Bernadet,<\/strong> de la <a rel=\"noreferrer noopener\" href=\"https:\/\/www.fbernadet.org\/\" target=\"_blank\">Fundaci\u00f3 Vicky Bernadet<\/a><\/li>\n\n\n\n<li><strong>Margarida Troguet<\/strong>, Presidenta de la Comissi\u00f3 Especial de l\u2019Aula del Teatre de Lleida.<\/li>\n\n\n\n<li>Un representante de la Sindicatura de Greuges de Catalunya.<\/li>\n<\/ul>\n<\/div>\n<\/div>\n<\/div><\/div>\n<\/div><\/div>\n\n\n\n<div class=\"wp-block-group landing_franja_meitat landing_proces\"><div class=\"wp-block-group__inner-container is-layout-constrained wp-block-group-is-layout-constrained\">\n<div class=\"wp-block-group landing_intro2\"><div class=\"wp-block-group__inner-container is-layout-constrained wp-block-group-is-layout-constrained\">\n<h2 class=\"wp-block-heading\">C\u00f3mo es el proceso cuando contacto con la Comisi\u00f3n de reparaci\u00f3n<\/h2>\n\n\n\n<p>Las personas supervivientes que est\u00e9n interesadas, podr\u00e1n contactar por tel\u00e9fono, Whatsapp o correo electr\u00f3nico. <strong>Una persona de referencia las atender\u00e1 y ofrecer\u00e1 un espacio de escucha activa<\/strong>, resolviendo dudas sobre el proceso y abriendo la posibilidad a participar o no, seg\u00fan se estime oportuno.<\/p>\n\n\n\n<p><strong>Si la persona prefiere no participar en el proceso de la Comisi\u00f3n de reparaci\u00f3n, se compartir\u00e1n los recursos disponibles y siempre puede volver a contactar m\u00e1s adelante si lo desea.<\/strong><\/p>\n\n\n\n<p>Por el contrario, <strong>si opta para participar, realizar\u00e1 una entrevista privada con profesionales expertas en violencias de la Comisi\u00f3n<\/strong>, que ofrecer\u00e1n un espacio de escucha activa para explorar qu\u00e9 tipo de reparaci\u00f3n es adecuada por cada participante.<\/p>\n\n\n\n<p>El resultado de este ejercicio se compartir\u00e1 de manera an\u00f3nima con al Ayuntamiento de Barcelona y el Consorcio de Educaci\u00f3n de Barcelona para explorar de qu\u00e9 forma pueden dar respuesta a las demandas de reparaci\u00f3n del da\u00f1o expresadas por las personas supervivientes, y mejorar la prevenci\u00f3n y actuaci\u00f3n ante casos parecidos en el futuro.<\/p>\n<\/div><\/div>\n\n\n\n<div class=\"wp-block-group landing_infografia\"><div class=\"wp-block-group__inner-container is-layout-constrained wp-block-group-is-layout-constrained\">\n<figure class=\"wp-block-image size-large\"><img loading=\"lazy\" decoding=\"async\" width=\"1200\" height=\"681\" src=\"https:\/\/www.sindicaturabarcelona.cat\/wp-content\/uploads\/circuit_comissio_reparacio_ES-1200x681.png\" alt=\"\" class=\"wp-image-29969\" srcset=\"https:\/\/www.sindicaturabarcelona.cat\/wp-content\/uploads\/circuit_comissio_reparacio_ES-1200x681.png 1200w, https:\/\/www.sindicaturabarcelona.cat\/wp-content\/uploads\/circuit_comissio_reparacio_ES-800x454.png 800w, https:\/\/www.sindicaturabarcelona.cat\/wp-content\/uploads\/circuit_comissio_reparacio_ES-768x436.png 768w, https:\/\/www.sindicaturabarcelona.cat\/wp-content\/uploads\/circuit_comissio_reparacio_ES-1536x871.png 1536w, https:\/\/www.sindicaturabarcelona.cat\/wp-content\/uploads\/circuit_comissio_reparacio_ES.png 1671w\" sizes=\"auto, (max-width: 1200px) 100vw, 1200px\" \/><\/figure>\n<\/div><\/div>\n<\/div><\/div>\n","protected":false},"excerpt":{"rendered":"<p>La Sindicatura de Greuges de Barcelona ha impulsado la creaci\u00f3n de una comisi\u00f3n de reparaci\u00f3n para personas supervivientes de violencia sexual en las escuelas de Barcelona. Aqu\u00ed te explicamos qu\u00e9 [&hellip;]<\/p>\n","protected":false},"author":3,"featured_media":29191,"parent":0,"menu_order":17,"comment_status":"closed","ping_status":"closed","template":"page-landing.php","meta":{"_acf_changed":false,"footnotes":""},"drets":[],"class_list":["post-29968","page","type-page","status-publish","has-post-thumbnail","hentry"],"acf":[],"yoast_head":"<!-- This site is optimized with the Yoast SEO plugin v27.5 - https:\/\/yoast.com\/product\/yoast-seo-wordpress\/ -->\n<title>Comisi\u00f3n de reparaci\u00f3n para v\u00edctimas de violencia sexual en la infancia, adolescencia y juventud de las escuelas de Barcelona. - Sindicatura de Greuges de Barcelona<\/title>\n<meta name=\"robots\" content=\"index, follow, max-snippet:-1, max-image-preview:large, max-video-preview:-1\" \/>\n<link rel=\"canonical\" href=\"https:\/\/www.sindicaturabarcelona.cat\/es\/comision-de-reparacion-para-victimas-de-violencia-sexual-en-la-infancia-adolescencia-y-juventud-de-las-escuelas-de-barcelona\/\" \/>\n<meta property=\"og:locale\" content=\"es_ES\" \/>\n<meta property=\"og:type\" content=\"article\" \/>\n<meta property=\"og:title\" content=\"Comisi\u00f3n de reparaci\u00f3n para v\u00edctimas de violencia sexual en la infancia, adolescencia y juventud de las escuelas de Barcelona. - Sindicatura de Greuges de Barcelona\" \/>\n<meta property=\"og:description\" content=\"La Sindicatura de Greuges de Barcelona ha impulsado la creaci\u00f3n de una comisi\u00f3n de reparaci\u00f3n para personas supervivientes de violencia sexual en las escuelas de Barcelona. Aqu\u00ed te explicamos qu\u00e9 [&hellip;]\" \/>\n<meta property=\"og:url\" content=\"https:\/\/www.sindicaturabarcelona.cat\/es\/comision-de-reparacion-para-victimas-de-violencia-sexual-en-la-infancia-adolescencia-y-juventud-de-las-escuelas-de-barcelona\/\" \/>\n<meta property=\"og:site_name\" content=\"Sindicatura de Greuges de Barcelona\" \/>\n<meta property=\"article:modified_time\" content=\"2023-09-05T14:03:55+00:00\" \/>\n<meta property=\"og:image\" content=\"https:\/\/www.sindicaturabarcelona.cat\/wp-content\/uploads\/un-grup-gran-de-nens-i-nenes-juguen-a-scaled.jpg\" \/>\n\t<meta property=\"og:image:width\" content=\"2560\" \/>\n\t<meta property=\"og:image:height\" content=\"1710\" \/>\n\t<meta property=\"og:image:type\" content=\"image\/jpeg\" \/>\n<meta name=\"twitter:card\" content=\"summary_large_image\" \/>\n<meta name=\"twitter:site\" content=\"@sindicbarcelona\" \/>\n<meta name=\"twitter:label1\" content=\"Tiempo de lectura\" \/>\n\t<meta name=\"twitter:data1\" content=\"5 minutos\" \/>\n<script type=\"application\/ld+json\" class=\"yoast-schema-graph\">{\"@context\":\"https:\\\/\\\/schema.org\",\"@graph\":[{\"@type\":\"WebPage\",\"@id\":\"https:\\\/\\\/www.sindicaturabarcelona.cat\\\/es\\\/comision-de-reparacion-para-victimas-de-violencia-sexual-en-la-infancia-adolescencia-y-juventud-de-las-escuelas-de-barcelona\\\/\",\"url\":\"https:\\\/\\\/www.sindicaturabarcelona.cat\\\/es\\\/comision-de-reparacion-para-victimas-de-violencia-sexual-en-la-infancia-adolescencia-y-juventud-de-las-escuelas-de-barcelona\\\/\",\"name\":\"Comisi\u00f3n de reparaci\u00f3n para v\u00edctimas de violencia sexual en la infancia, adolescencia y juventud de las escuelas de Barcelona. - Sindicatura de Greuges de Barcelona\",\"isPartOf\":{\"@id\":\"https:\\\/\\\/www.sindicaturabarcelona.cat\\\/es\\\/#website\"},\"primaryImageOfPage\":{\"@id\":\"https:\\\/\\\/www.sindicaturabarcelona.cat\\\/es\\\/comision-de-reparacion-para-victimas-de-violencia-sexual-en-la-infancia-adolescencia-y-juventud-de-las-escuelas-de-barcelona\\\/#primaryimage\"},\"image\":{\"@id\":\"https:\\\/\\\/www.sindicaturabarcelona.cat\\\/es\\\/comision-de-reparacion-para-victimas-de-violencia-sexual-en-la-infancia-adolescencia-y-juventud-de-las-escuelas-de-barcelona\\\/#primaryimage\"},\"thumbnailUrl\":\"https:\\\/\\\/www.sindicaturabarcelona.cat\\\/wp-content\\\/uploads\\\/un-grup-gran-de-nens-i-nenes-juguen-a-scaled.jpg\",\"datePublished\":\"2023-05-22T09:38:01+00:00\",\"dateModified\":\"2023-09-05T14:03:55+00:00\",\"breadcrumb\":{\"@id\":\"https:\\\/\\\/www.sindicaturabarcelona.cat\\\/es\\\/comision-de-reparacion-para-victimas-de-violencia-sexual-en-la-infancia-adolescencia-y-juventud-de-las-escuelas-de-barcelona\\\/#breadcrumb\"},\"inLanguage\":\"es\",\"potentialAction\":[{\"@type\":\"ReadAction\",\"target\":[\"https:\\\/\\\/www.sindicaturabarcelona.cat\\\/es\\\/comision-de-reparacion-para-victimas-de-violencia-sexual-en-la-infancia-adolescencia-y-juventud-de-las-escuelas-de-barcelona\\\/\"]}]},{\"@type\":\"ImageObject\",\"inLanguage\":\"es\",\"@id\":\"https:\\\/\\\/www.sindicaturabarcelona.cat\\\/es\\\/comision-de-reparacion-para-victimas-de-violencia-sexual-en-la-infancia-adolescencia-y-juventud-de-las-escuelas-de-barcelona\\\/#primaryimage\",\"url\":\"https:\\\/\\\/www.sindicaturabarcelona.cat\\\/wp-content\\\/uploads\\\/un-grup-gran-de-nens-i-nenes-juguen-a-scaled.jpg\",\"contentUrl\":\"https:\\\/\\\/www.sindicaturabarcelona.cat\\\/wp-content\\\/uploads\\\/un-grup-gran-de-nens-i-nenes-juguen-a-scaled.jpg\",\"width\":2560,\"height\":1710},{\"@type\":\"BreadcrumbList\",\"@id\":\"https:\\\/\\\/www.sindicaturabarcelona.cat\\\/es\\\/comision-de-reparacion-para-victimas-de-violencia-sexual-en-la-infancia-adolescencia-y-juventud-de-las-escuelas-de-barcelona\\\/#breadcrumb\",\"itemListElement\":[{\"@type\":\"ListItem\",\"position\":1,\"name\":\"Inici\",\"item\":\"https:\\\/\\\/www.sindicaturabarcelona.cat\\\/es\\\/\"},{\"@type\":\"ListItem\",\"position\":2,\"name\":\"Comisi\u00f3n de reparaci\u00f3n para v\u00edctimas de violencia sexual en la infancia, adolescencia y juventud de las escuelas de Barcelona.\"}]},{\"@type\":\"WebSite\",\"@id\":\"https:\\\/\\\/www.sindicaturabarcelona.cat\\\/es\\\/#website\",\"url\":\"https:\\\/\\\/www.sindicaturabarcelona.cat\\\/es\\\/\",\"name\":\"Sindicatura de Greuges de Barcelona\",\"description\":\"La defensoria dels teus drets\",\"publisher\":{\"@id\":\"https:\\\/\\\/www.sindicaturabarcelona.cat\\\/es\\\/#organization\"},\"potentialAction\":[{\"@type\":\"SearchAction\",\"target\":{\"@type\":\"EntryPoint\",\"urlTemplate\":\"https:\\\/\\\/www.sindicaturabarcelona.cat\\\/es\\\/?s={search_term_string}\"},\"query-input\":{\"@type\":\"PropertyValueSpecification\",\"valueRequired\":true,\"valueName\":\"search_term_string\"}}],\"inLanguage\":\"es\"},{\"@type\":\"Organization\",\"@id\":\"https:\\\/\\\/www.sindicaturabarcelona.cat\\\/es\\\/#organization\",\"name\":\"Sindicatura de Greuges de Barcelona\",\"url\":\"https:\\\/\\\/www.sindicaturabarcelona.cat\\\/es\\\/\",\"logo\":{\"@type\":\"ImageObject\",\"inLanguage\":\"es\",\"@id\":\"https:\\\/\\\/www.sindicaturabarcelona.cat\\\/es\\\/#\\\/schema\\\/logo\\\/image\\\/\",\"url\":\"https:\\\/\\\/www.sindicaturabarcelona.cat\\\/wp-content\\\/uploads\\\/2023\\\/02\\\/logo_sindicatura.svg\",\"contentUrl\":\"https:\\\/\\\/www.sindicaturabarcelona.cat\\\/wp-content\\\/uploads\\\/2023\\\/02\\\/logo_sindicatura.svg\",\"caption\":\"Sindicatura de Greuges de Barcelona\"},\"image\":{\"@id\":\"https:\\\/\\\/www.sindicaturabarcelona.cat\\\/es\\\/#\\\/schema\\\/logo\\\/image\\\/\"},\"sameAs\":[\"https:\\\/\\\/x.com\\\/sindicbarcelona\",\"https:\\\/\\\/www.instagram.com\\\/sindicbarcelona\\\/\",\"https:\\\/\\\/www.tiktok.com\\\/@sindicaturabcn\",\"https:\\\/\\\/t.me\\\/sindicaturabarcelona\"]}]}<\/script>\n<!-- \/ Yoast SEO plugin. -->","yoast_head_json":{"title":"Comisi\u00f3n de reparaci\u00f3n para v\u00edctimas de violencia sexual en la infancia, adolescencia y juventud de las escuelas de Barcelona. - Sindicatura de Greuges de Barcelona","robots":{"index":"index","follow":"follow","max-snippet":"max-snippet:-1","max-image-preview":"max-image-preview:large","max-video-preview":"max-video-preview:-1"},"canonical":"https:\/\/www.sindicaturabarcelona.cat\/es\/comision-de-reparacion-para-victimas-de-violencia-sexual-en-la-infancia-adolescencia-y-juventud-de-las-escuelas-de-barcelona\/","og_locale":"es_ES","og_type":"article","og_title":"Comisi\u00f3n de reparaci\u00f3n para v\u00edctimas de violencia sexual en la infancia, adolescencia y juventud de las escuelas de Barcelona. - Sindicatura de Greuges de Barcelona","og_description":"La Sindicatura de Greuges de Barcelona ha impulsado la creaci\u00f3n de una comisi\u00f3n de reparaci\u00f3n para personas supervivientes de violencia sexual en las escuelas de Barcelona. Aqu\u00ed te explicamos qu\u00e9 [&hellip;]","og_url":"https:\/\/www.sindicaturabarcelona.cat\/es\/comision-de-reparacion-para-victimas-de-violencia-sexual-en-la-infancia-adolescencia-y-juventud-de-las-escuelas-de-barcelona\/","og_site_name":"Sindicatura de Greuges de Barcelona","article_modified_time":"2023-09-05T14:03:55+00:00","og_image":[{"width":2560,"height":1710,"url":"https:\/\/www.sindicaturabarcelona.cat\/wp-content\/uploads\/un-grup-gran-de-nens-i-nenes-juguen-a-scaled.jpg","type":"image\/jpeg"}],"twitter_card":"summary_large_image","twitter_site":"@sindicbarcelona","twitter_misc":{"Tiempo de lectura":"5 minutos"},"schema":{"@context":"https:\/\/schema.org","@graph":[{"@type":"WebPage","@id":"https:\/\/www.sindicaturabarcelona.cat\/es\/comision-de-reparacion-para-victimas-de-violencia-sexual-en-la-infancia-adolescencia-y-juventud-de-las-escuelas-de-barcelona\/","url":"https:\/\/www.sindicaturabarcelona.cat\/es\/comision-de-reparacion-para-victimas-de-violencia-sexual-en-la-infancia-adolescencia-y-juventud-de-las-escuelas-de-barcelona\/","name":"Comisi\u00f3n de reparaci\u00f3n para v\u00edctimas de violencia sexual en la infancia, adolescencia y juventud de las escuelas de Barcelona. - Sindicatura de Greuges de Barcelona","isPartOf":{"@id":"https:\/\/www.sindicaturabarcelona.cat\/es\/#website"},"primaryImageOfPage":{"@id":"https:\/\/www.sindicaturabarcelona.cat\/es\/comision-de-reparacion-para-victimas-de-violencia-sexual-en-la-infancia-adolescencia-y-juventud-de-las-escuelas-de-barcelona\/#primaryimage"},"image":{"@id":"https:\/\/www.sindicaturabarcelona.cat\/es\/comision-de-reparacion-para-victimas-de-violencia-sexual-en-la-infancia-adolescencia-y-juventud-de-las-escuelas-de-barcelona\/#primaryimage"},"thumbnailUrl":"https:\/\/www.sindicaturabarcelona.cat\/wp-content\/uploads\/un-grup-gran-de-nens-i-nenes-juguen-a-scaled.jpg","datePublished":"2023-05-22T09:38:01+00:00","dateModified":"2023-09-05T14:03:55+00:00","breadcrumb":{"@id":"https:\/\/www.sindicaturabarcelona.cat\/es\/comision-de-reparacion-para-victimas-de-violencia-sexual-en-la-infancia-adolescencia-y-juventud-de-las-escuelas-de-barcelona\/#breadcrumb"},"inLanguage":"es","potentialAction":[{"@type":"ReadAction","target":["https:\/\/www.sindicaturabarcelona.cat\/es\/comision-de-reparacion-para-victimas-de-violencia-sexual-en-la-infancia-adolescencia-y-juventud-de-las-escuelas-de-barcelona\/"]}]},{"@type":"ImageObject","inLanguage":"es","@id":"https:\/\/www.sindicaturabarcelona.cat\/es\/comision-de-reparacion-para-victimas-de-violencia-sexual-en-la-infancia-adolescencia-y-juventud-de-las-escuelas-de-barcelona\/#primaryimage","url":"https:\/\/www.sindicaturabarcelona.cat\/wp-content\/uploads\/un-grup-gran-de-nens-i-nenes-juguen-a-scaled.jpg","contentUrl":"https:\/\/www.sindicaturabarcelona.cat\/wp-content\/uploads\/un-grup-gran-de-nens-i-nenes-juguen-a-scaled.jpg","width":2560,"height":1710},{"@type":"BreadcrumbList","@id":"https:\/\/www.sindicaturabarcelona.cat\/es\/comision-de-reparacion-para-victimas-de-violencia-sexual-en-la-infancia-adolescencia-y-juventud-de-las-escuelas-de-barcelona\/#breadcrumb","itemListElement":[{"@type":"ListItem","position":1,"name":"Inici","item":"https:\/\/www.sindicaturabarcelona.cat\/es\/"},{"@type":"ListItem","position":2,"name":"Comisi\u00f3n de reparaci\u00f3n para v\u00edctimas de violencia sexual en la infancia, adolescencia y juventud de las escuelas de Barcelona."}]},{"@type":"WebSite","@id":"https:\/\/www.sindicaturabarcelona.cat\/es\/#website","url":"https:\/\/www.sindicaturabarcelona.cat\/es\/","name":"Sindicatura de Greuges de Barcelona","description":"La defensoria dels teus drets","publisher":{"@id":"https:\/\/www.sindicaturabarcelona.cat\/es\/#organization"},"potentialAction":[{"@type":"SearchAction","target":{"@type":"EntryPoint","urlTemplate":"https:\/\/www.sindicaturabarcelona.cat\/es\/?s={search_term_string}"},"query-input":{"@type":"PropertyValueSpecification","valueRequired":true,"valueName":"search_term_string"}}],"inLanguage":"es"},{"@type":"Organization","@id":"https:\/\/www.sindicaturabarcelona.cat\/es\/#organization","name":"Sindicatura de Greuges de Barcelona","url":"https:\/\/www.sindicaturabarcelona.cat\/es\/","logo":{"@type":"ImageObject","inLanguage":"es","@id":"https:\/\/www.sindicaturabarcelona.cat\/es\/#\/schema\/logo\/image\/","url":"https:\/\/www.sindicaturabarcelona.cat\/wp-content\/uploads\/2023\/02\/logo_sindicatura.svg","contentUrl":"https:\/\/www.sindicaturabarcelona.cat\/wp-content\/uploads\/2023\/02\/logo_sindicatura.svg","caption":"Sindicatura de Greuges de Barcelona"},"image":{"@id":"https:\/\/www.sindicaturabarcelona.cat\/es\/#\/schema\/logo\/image\/"},"sameAs":["https:\/\/x.com\/sindicbarcelona","https:\/\/www.instagram.com\/sindicbarcelona\/","https:\/\/www.tiktok.com\/@sindicaturabcn","https:\/\/t.me\/sindicaturabarcelona"]}]}},"_links":{"self":[{"href":"https:\/\/www.sindicaturabarcelona.cat\/es\/wp-json\/wp\/v2\/pages\/29968","targetHints":{"allow":["GET"]}}],"collection":[{"href":"https:\/\/www.sindicaturabarcelona.cat\/es\/wp-json\/wp\/v2\/pages"}],"about":[{"href":"https:\/\/www.sindicaturabarcelona.cat\/es\/wp-json\/wp\/v2\/types\/page"}],"author":[{"embeddable":true,"href":"https:\/\/www.sindicaturabarcelona.cat\/es\/wp-json\/wp\/v2\/users\/3"}],"replies":[{"embeddable":true,"href":"https:\/\/www.sindicaturabarcelona.cat\/es\/wp-json\/wp\/v2\/comments?post=29968"}],"version-history":[{"count":2,"href":"https:\/\/www.sindicaturabarcelona.cat\/es\/wp-json\/wp\/v2\/pages\/29968\/revisions"}],"predecessor-version":[{"id":29974,"href":"https:\/\/www.sindicaturabarcelona.cat\/es\/wp-json\/wp\/v2\/pages\/29968\/revisions\/29974"}],"wp:featuredmedia":[{"embeddable":true,"href":"https:\/\/www.sindicaturabarcelona.cat\/es\/wp-json\/wp\/v2\/media\/29191"}],"wp:attachment":[{"href":"https:\/\/www.sindicaturabarcelona.cat\/es\/wp-json\/wp\/v2\/media?parent=29968"}],"wp:term":[{"taxonomy":"drets","embeddable":true,"href":"https:\/\/www.sindicaturabarcelona.cat\/es\/wp-json\/wp\/v2\/drets?post=29968"}],"curies":[{"name":"wp","href":"https:\/\/api.w.org\/{rel}","templated":true}]}}