{"id":164,"date":"2020-07-06T13:09:53","date_gmt":"2020-07-06T11:09:53","guid":{"rendered":"http:\/\/minimalweb.tech\/sindica\/?page_id=164"},"modified":"2026-06-16T13:19:14","modified_gmt":"2026-06-16T11:19:14","slug":"organitzacio","status":"publish","type":"page","link":"https:\/\/www.sindicaturabarcelona.cat\/es\/portal-de-transparencia\/organitzacio\/","title":{"rendered":"Organizaci\u00f3n"},"content":{"rendered":"\n<h2 class=\"wp-block-heading\">S\u00edndic de Greuges de Barcelona<\/h2>\n\n\n\n<p>David Bondia<\/p>\n\n\n\n<h2 class=\"wp-block-heading\">Adjunt al S\u00edndic<\/h2>\n\n\n\n<p>Xavier Bernad\u00ed<\/p>\n\n\n\n<h2 class=\"wp-block-heading\">Jefe de gabinete<\/h2>\n\n\n\n<p>Oriol Puig<\/p>\n\n\n\n<h2 class=\"wp-block-heading\">Asesor\u00eda<\/h2>\n\n\n\n<p>Pilar Aldea, Paula Arce, Rosina Fern\u00e1ndez, Patr\u00edcia Mestre, Mar\u00eda Jos\u00e9 Nu\u00f1ez, Nemo Remesar, Francesca Reyes y Elisa Salichs<\/p>\n\n\n\n<h2 class=\"wp-block-heading\">Administraci\u00f3n<\/h2>\n\n\n\n<p>Vicky Fern\u00e1ndez, Merche Tello y Esther Tresserra<\/p>\n\n\n\n<h2 class=\"wp-block-heading\">Comunicaci\u00f3n<\/h2>\n\n\n\n<p>Pablo Monfort <\/p>\n","protected":false},"excerpt":{"rendered":"<p>S\u00edndic de Greuges de Barcelona David Bondia Adjunt al S\u00edndic Xavier Bernad\u00ed Jefe de gabinete Oriol Puig Asesor\u00eda Pilar Aldea, Paula Arce, Rosina Fern\u00e1ndez, Patr\u00edcia Mestre, Mar\u00eda Jos\u00e9 Nu\u00f1ez, Nemo [&hellip;]<\/p>\n","protected":false},"author":2,"featured_media":36412,"parent":28658,"menu_order":65,"comment_status":"closed","ping_status":"closed","template":"","meta":{"_acf_changed":false,"footnotes":""},"drets":[],"class_list":["post-164","page","type-page","status-publish","has-post-thumbnail","hentry"],"acf":[],"yoast_head":"<!-- This site is optimized with the Yoast SEO plugin v27.5 - https:\/\/yoast.com\/product\/yoast-seo-wordpress\/ -->\n<title>Organizaci\u00f3n - Sindicatura de Greuges de Barcelona<\/title>\n<meta name=\"robots\" content=\"index, follow, max-snippet:-1, max-image-preview:large, max-video-preview:-1\" \/>\n<link rel=\"canonical\" href=\"https:\/\/www.sindicaturabarcelona.cat\/es\/portal-de-transparencia\/organitzacio\/\" \/>\n<meta property=\"og:locale\" content=\"es_ES\" \/>\n<meta property=\"og:type\" content=\"article\" \/>\n<meta property=\"og:title\" content=\"Organizaci\u00f3n - Sindicatura de Greuges de Barcelona\" \/>\n<meta property=\"og:description\" content=\"S\u00edndic de Greuges de Barcelona David Bondia Adjunt al S\u00edndic Xavier Bernad\u00ed Jefe de gabinete Oriol Puig Asesor\u00eda Pilar Aldea, Paula Arce, Rosina Fern\u00e1ndez, Patr\u00edcia Mestre, Mar\u00eda Jos\u00e9 Nu\u00f1ez, Nemo [&hellip;]\" \/>\n<meta property=\"og:url\" content=\"https:\/\/www.sindicaturabarcelona.cat\/es\/portal-de-transparencia\/organitzacio\/\" \/>\n<meta property=\"og:site_name\" content=\"Sindicatura de Greuges de Barcelona\" \/>\n<meta property=\"article:modified_time\" content=\"2026-06-16T11:19:14+00:00\" \/>\n<meta property=\"og:image\" content=\"https:\/\/www.sindicaturabarcelona.cat\/wp-content\/uploads\/Equip-Sindicatura-2025-1200x800.png\" \/>\n\t<meta property=\"og:image:width\" content=\"1200\" \/>\n\t<meta property=\"og:image:height\" content=\"800\" \/>\n\t<meta property=\"og:image:type\" content=\"image\/png\" \/>\n<meta name=\"twitter:card\" content=\"summary_large_image\" \/>\n<meta name=\"twitter:site\" content=\"@sindicbarcelona\" \/>\n<meta name=\"twitter:label1\" content=\"Tiempo de lectura\" \/>\n\t<meta name=\"twitter:data1\" content=\"1 minuto\" \/>\n<script type=\"application\/ld+json\" class=\"yoast-schema-graph\">{\"@context\":\"https:\\\/\\\/schema.org\",\"@graph\":[{\"@type\":\"WebPage\",\"@id\":\"https:\\\/\\\/www.sindicaturabarcelona.cat\\\/es\\\/portal-de-transparencia\\\/organitzacio\\\/\",\"url\":\"https:\\\/\\\/www.sindicaturabarcelona.cat\\\/es\\\/portal-de-transparencia\\\/organitzacio\\\/\",\"name\":\"Organizaci\u00f3n - Sindicatura de Greuges de Barcelona\",\"isPartOf\":{\"@id\":\"https:\\\/\\\/www.sindicaturabarcelona.cat\\\/es\\\/#website\"},\"primaryImageOfPage\":{\"@id\":\"https:\\\/\\\/www.sindicaturabarcelona.cat\\\/es\\\/portal-de-transparencia\\\/organitzacio\\\/#primaryimage\"},\"image\":{\"@id\":\"https:\\\/\\\/www.sindicaturabarcelona.cat\\\/es\\\/portal-de-transparencia\\\/organitzacio\\\/#primaryimage\"},\"thumbnailUrl\":\"https:\\\/\\\/www.sindicaturabarcelona.cat\\\/wp-content\\\/uploads\\\/Equip-Sindicatura-2025.png\",\"datePublished\":\"2020-07-06T11:09:53+00:00\",\"dateModified\":\"2026-06-16T11:19:14+00:00\",\"breadcrumb\":{\"@id\":\"https:\\\/\\\/www.sindicaturabarcelona.cat\\\/es\\\/portal-de-transparencia\\\/organitzacio\\\/#breadcrumb\"},\"inLanguage\":\"es\",\"potentialAction\":[{\"@type\":\"ReadAction\",\"target\":[\"https:\\\/\\\/www.sindicaturabarcelona.cat\\\/es\\\/portal-de-transparencia\\\/organitzacio\\\/\"]}]},{\"@type\":\"ImageObject\",\"inLanguage\":\"es\",\"@id\":\"https:\\\/\\\/www.sindicaturabarcelona.cat\\\/es\\\/portal-de-transparencia\\\/organitzacio\\\/#primaryimage\",\"url\":\"https:\\\/\\\/www.sindicaturabarcelona.cat\\\/wp-content\\\/uploads\\\/Equip-Sindicatura-2025.png\",\"contentUrl\":\"https:\\\/\\\/www.sindicaturabarcelona.cat\\\/wp-content\\\/uploads\\\/Equip-Sindicatura-2025.png\",\"width\":2560,\"height\":1707},{\"@type\":\"BreadcrumbList\",\"@id\":\"https:\\\/\\\/www.sindicaturabarcelona.cat\\\/es\\\/portal-de-transparencia\\\/organitzacio\\\/#breadcrumb\",\"itemListElement\":[{\"@type\":\"ListItem\",\"position\":1,\"name\":\"Inici\",\"item\":\"https:\\\/\\\/www.sindicaturabarcelona.cat\\\/es\\\/\"},{\"@type\":\"ListItem\",\"position\":2,\"name\":\"Portal de transparencia\",\"item\":\"https:\\\/\\\/www.sindicaturabarcelona.cat\\\/es\\\/portal-de-transparencia\\\/\"},{\"@type\":\"ListItem\",\"position\":3,\"name\":\"Organizaci\u00f3n\"}]},{\"@type\":\"WebSite\",\"@id\":\"https:\\\/\\\/www.sindicaturabarcelona.cat\\\/es\\\/#website\",\"url\":\"https:\\\/\\\/www.sindicaturabarcelona.cat\\\/es\\\/\",\"name\":\"Sindicatura de Greuges de Barcelona\",\"description\":\"La defensoria dels teus drets\",\"publisher\":{\"@id\":\"https:\\\/\\\/www.sindicaturabarcelona.cat\\\/es\\\/#organization\"},\"potentialAction\":[{\"@type\":\"SearchAction\",\"target\":{\"@type\":\"EntryPoint\",\"urlTemplate\":\"https:\\\/\\\/www.sindicaturabarcelona.cat\\\/es\\\/?s={search_term_string}\"},\"query-input\":{\"@type\":\"PropertyValueSpecification\",\"valueRequired\":true,\"valueName\":\"search_term_string\"}}],\"inLanguage\":\"es\"},{\"@type\":\"Organization\",\"@id\":\"https:\\\/\\\/www.sindicaturabarcelona.cat\\\/es\\\/#organization\",\"name\":\"Sindicatura de Greuges de Barcelona\",\"url\":\"https:\\\/\\\/www.sindicaturabarcelona.cat\\\/es\\\/\",\"logo\":{\"@type\":\"ImageObject\",\"inLanguage\":\"es\",\"@id\":\"https:\\\/\\\/www.sindicaturabarcelona.cat\\\/es\\\/#\\\/schema\\\/logo\\\/image\\\/\",\"url\":\"https:\\\/\\\/www.sindicaturabarcelona.cat\\\/wp-content\\\/uploads\\\/2023\\\/02\\\/logo_sindicatura.svg\",\"contentUrl\":\"https:\\\/\\\/www.sindicaturabarcelona.cat\\\/wp-content\\\/uploads\\\/2023\\\/02\\\/logo_sindicatura.svg\",\"caption\":\"Sindicatura de Greuges de Barcelona\"},\"image\":{\"@id\":\"https:\\\/\\\/www.sindicaturabarcelona.cat\\\/es\\\/#\\\/schema\\\/logo\\\/image\\\/\"},\"sameAs\":[\"https:\\\/\\\/x.com\\\/sindicbarcelona\",\"https:\\\/\\\/www.instagram.com\\\/sindicbarcelona\\\/\",\"https:\\\/\\\/www.tiktok.com\\\/@sindicaturabcn\",\"https:\\\/\\\/t.me\\\/sindicaturabarcelona\"]}]}<\/script>\n<!-- \/ Yoast SEO plugin. -->","yoast_head_json":{"title":"Organizaci\u00f3n - Sindicatura de Greuges de Barcelona","robots":{"index":"index","follow":"follow","max-snippet":"max-snippet:-1","max-image-preview":"max-image-preview:large","max-video-preview":"max-video-preview:-1"},"canonical":"https:\/\/www.sindicaturabarcelona.cat\/es\/portal-de-transparencia\/organitzacio\/","og_locale":"es_ES","og_type":"article","og_title":"Organizaci\u00f3n - Sindicatura de Greuges de Barcelona","og_description":"S\u00edndic de Greuges de Barcelona David Bondia Adjunt al S\u00edndic Xavier Bernad\u00ed Jefe de gabinete Oriol Puig Asesor\u00eda Pilar Aldea, Paula Arce, Rosina Fern\u00e1ndez, Patr\u00edcia Mestre, Mar\u00eda Jos\u00e9 Nu\u00f1ez, Nemo [&hellip;]","og_url":"https:\/\/www.sindicaturabarcelona.cat\/es\/portal-de-transparencia\/organitzacio\/","og_site_name":"Sindicatura de Greuges de Barcelona","article_modified_time":"2026-06-16T11:19:14+00:00","og_image":[{"width":1200,"height":800,"url":"https:\/\/www.sindicaturabarcelona.cat\/wp-content\/uploads\/Equip-Sindicatura-2025-1200x800.png","type":"image\/png"}],"twitter_card":"summary_large_image","twitter_site":"@sindicbarcelona","twitter_misc":{"Tiempo de lectura":"1 minuto"},"schema":{"@context":"https:\/\/schema.org","@graph":[{"@type":"WebPage","@id":"https:\/\/www.sindicaturabarcelona.cat\/es\/portal-de-transparencia\/organitzacio\/","url":"https:\/\/www.sindicaturabarcelona.cat\/es\/portal-de-transparencia\/organitzacio\/","name":"Organizaci\u00f3n - Sindicatura de Greuges de Barcelona","isPartOf":{"@id":"https:\/\/www.sindicaturabarcelona.cat\/es\/#website"},"primaryImageOfPage":{"@id":"https:\/\/www.sindicaturabarcelona.cat\/es\/portal-de-transparencia\/organitzacio\/#primaryimage"},"image":{"@id":"https:\/\/www.sindicaturabarcelona.cat\/es\/portal-de-transparencia\/organitzacio\/#primaryimage"},"thumbnailUrl":"https:\/\/www.sindicaturabarcelona.cat\/wp-content\/uploads\/Equip-Sindicatura-2025.png","datePublished":"2020-07-06T11:09:53+00:00","dateModified":"2026-06-16T11:19:14+00:00","breadcrumb":{"@id":"https:\/\/www.sindicaturabarcelona.cat\/es\/portal-de-transparencia\/organitzacio\/#breadcrumb"},"inLanguage":"es","potentialAction":[{"@type":"ReadAction","target":["https:\/\/www.sindicaturabarcelona.cat\/es\/portal-de-transparencia\/organitzacio\/"]}]},{"@type":"ImageObject","inLanguage":"es","@id":"https:\/\/www.sindicaturabarcelona.cat\/es\/portal-de-transparencia\/organitzacio\/#primaryimage","url":"https:\/\/www.sindicaturabarcelona.cat\/wp-content\/uploads\/Equip-Sindicatura-2025.png","contentUrl":"https:\/\/www.sindicaturabarcelona.cat\/wp-content\/uploads\/Equip-Sindicatura-2025.png","width":2560,"height":1707},{"@type":"BreadcrumbList","@id":"https:\/\/www.sindicaturabarcelona.cat\/es\/portal-de-transparencia\/organitzacio\/#breadcrumb","itemListElement":[{"@type":"ListItem","position":1,"name":"Inici","item":"https:\/\/www.sindicaturabarcelona.cat\/es\/"},{"@type":"ListItem","position":2,"name":"Portal de transparencia","item":"https:\/\/www.sindicaturabarcelona.cat\/es\/portal-de-transparencia\/"},{"@type":"ListItem","position":3,"name":"Organizaci\u00f3n"}]},{"@type":"WebSite","@id":"https:\/\/www.sindicaturabarcelona.cat\/es\/#website","url":"https:\/\/www.sindicaturabarcelona.cat\/es\/","name":"Sindicatura de Greuges de Barcelona","description":"La defensoria dels teus drets","publisher":{"@id":"https:\/\/www.sindicaturabarcelona.cat\/es\/#organization"},"potentialAction":[{"@type":"SearchAction","target":{"@type":"EntryPoint","urlTemplate":"https:\/\/www.sindicaturabarcelona.cat\/es\/?s={search_term_string}"},"query-input":{"@type":"PropertyValueSpecification","valueRequired":true,"valueName":"search_term_string"}}],"inLanguage":"es"},{"@type":"Organization","@id":"https:\/\/www.sindicaturabarcelona.cat\/es\/#organization","name":"Sindicatura de Greuges de Barcelona","url":"https:\/\/www.sindicaturabarcelona.cat\/es\/","logo":{"@type":"ImageObject","inLanguage":"es","@id":"https:\/\/www.sindicaturabarcelona.cat\/es\/#\/schema\/logo\/image\/","url":"https:\/\/www.sindicaturabarcelona.cat\/wp-content\/uploads\/2023\/02\/logo_sindicatura.svg","contentUrl":"https:\/\/www.sindicaturabarcelona.cat\/wp-content\/uploads\/2023\/02\/logo_sindicatura.svg","caption":"Sindicatura de Greuges de Barcelona"},"image":{"@id":"https:\/\/www.sindicaturabarcelona.cat\/es\/#\/schema\/logo\/image\/"},"sameAs":["https:\/\/x.com\/sindicbarcelona","https:\/\/www.instagram.com\/sindicbarcelona\/","https:\/\/www.tiktok.com\/@sindicaturabcn","https:\/\/t.me\/sindicaturabarcelona"]}]}},"_links":{"self":[{"href":"https:\/\/www.sindicaturabarcelona.cat\/es\/wp-json\/wp\/v2\/pages\/164","targetHints":{"allow":["GET"]}}],"collection":[{"href":"https:\/\/www.sindicaturabarcelona.cat\/es\/wp-json\/wp\/v2\/pages"}],"about":[{"href":"https:\/\/www.sindicaturabarcelona.cat\/es\/wp-json\/wp\/v2\/types\/page"}],"author":[{"embeddable":true,"href":"https:\/\/www.sindicaturabarcelona.cat\/es\/wp-json\/wp\/v2\/users\/2"}],"replies":[{"embeddable":true,"href":"https:\/\/www.sindicaturabarcelona.cat\/es\/wp-json\/wp\/v2\/comments?post=164"}],"version-history":[{"count":11,"href":"https:\/\/www.sindicaturabarcelona.cat\/es\/wp-json\/wp\/v2\/pages\/164\/revisions"}],"predecessor-version":[{"id":43099,"href":"https:\/\/www.sindicaturabarcelona.cat\/es\/wp-json\/wp\/v2\/pages\/164\/revisions\/43099"}],"up":[{"embeddable":true,"href":"https:\/\/www.sindicaturabarcelona.cat\/es\/wp-json\/wp\/v2\/pages\/28658"}],"wp:featuredmedia":[{"embeddable":true,"href":"https:\/\/www.sindicaturabarcelona.cat\/es\/wp-json\/wp\/v2\/media\/36412"}],"wp:attachment":[{"href":"https:\/\/www.sindicaturabarcelona.cat\/es\/wp-json\/wp\/v2\/media?parent=164"}],"wp:term":[{"taxonomy":"drets","embeddable":true,"href":"https:\/\/www.sindicaturabarcelona.cat\/es\/wp-json\/wp\/v2\/drets?post=164"}],"curies":[{"name":"wp","href":"https:\/\/api.w.org\/{rel}","templated":true}]}}