{"id":115,"date":"2019-05-09T09:52:17","date_gmt":"2019-05-09T07:52:17","guid":{"rendered":"http:\/\/minimalweb.tech\/sindica\/?page_id=115"},"modified":"2025-10-07T13:35:57","modified_gmt":"2025-10-07T11:35:57","slug":"el-sindic","status":"publish","type":"page","link":"https:\/\/www.sindicaturabarcelona.cat\/es\/el-sindic\/","title":{"rendered":"El s\u00edndic"},"content":{"rendered":"\n<p><strong>El s\u00edndic de greuges de Barcelona es, desde octubre de 2021, David Bondia.<\/strong> Tom\u00f3 posesi\u00f3n del cargo el 6 de octubre de 2021.<\/p>\n\n\n\n<figure class=\"wp-block-image size-large\"><img loading=\"lazy\" decoding=\"async\" width=\"1200\" height=\"801\" src=\"https:\/\/www.sindicaturabarcelona.cat\/wp-content\/uploads\/david_bondia_sindic-1200x801.jpg\" alt=\"David Bondia, durant un parlament a l'Ajuntament de Barcelona\" class=\"wp-image-17745\" srcset=\"https:\/\/www.sindicaturabarcelona.cat\/wp-content\/uploads\/david_bondia_sindic-1200x801.jpg 1200w, https:\/\/www.sindicaturabarcelona.cat\/wp-content\/uploads\/david_bondia_sindic-800x533.jpg 800w, https:\/\/www.sindicaturabarcelona.cat\/wp-content\/uploads\/david_bondia_sindic-768x512.jpg 768w, https:\/\/www.sindicaturabarcelona.cat\/wp-content\/uploads\/david_bondia_sindic-1536x1025.jpg 1536w, https:\/\/www.sindicaturabarcelona.cat\/wp-content\/uploads\/david_bondia_sindic-2048x1366.jpg 2048w\" sizes=\"auto, (max-width: 1200px) 100vw, 1200px\" \/><figcaption class=\"wp-element-caption\">Fotograf\u00eda de Mart\u00ed Petit<\/figcaption><\/figure>\n\n\n\n<p>David Bondia ha sido presidente del Instituto de Derechos Humanos de Catalunya, miembro del Patronato de la Fundaci\u00f3n Solidaritat UB y del equipo de trabajo del Mecanismo Catal\u00e1n por la Prevenci\u00f3n de la Tortura. Tambi\u00e9n ha formado parte del Comit\u00e9 Ejecutivo de la Red EUROMED-Rights, y ha sido vicepresidente de la Estructura de Derechos Humanos de Catalunya (encargada de la elaboraci\u00f3n del primer Plan de Derechos Humanos de Catalunya) y vocal del Consejo Catal\u00e1n de Fomento de la Paz. Ha participado como experto en diversas misiones internacionales con la UE, la <a href=\"https:\/\/www.aecid.es\/\" target=\"_blank\" rel=\"noreferrer noopener\">AECID<\/a>, el Consejo de Europa y el PNUD. Desde marzo de 2025, es presidente de la Alianza Global del \u00d3mbudsperson Local (<a href=\"https:\/\/agol.es\/\" target=\"_blank\" rel=\"noreferrer noopener\">AGOL<\/a>).<\/p>\n\n\n\n<p>Tambi\u00e9n ejerce como profesor titular de Derecho Internacional P\u00fablico y Relaciones Internacionales de la Universidad de Barcelona. Como acad\u00e9mico especializado en derechos humanos, ha sido invitado a participar en distintas universidades de Europa, Am\u00e9rica, \u00c1frica y Asia.<\/p>\n\n\n\n<p>Su actividad investigadora se ha centrado en la protecci\u00f3n internacional y en los mecanismos nacionales y de proximidad de garant\u00eda de derechos humanos. Como jurista especializado en derechos humanos en el \u00e1mbito local, ha estado vinculado desde sus or\u00edgenes a la redacci\u00f3n y aplicaci\u00f3n de la Carta Europea de Salvaguarda de los Derechos Humanos en la Ciudad, participando en grupos de trabajo y asesorando a sindicaturas locales, en el F\u00f3rum de S\u00edndicos y S\u00edndicas, Defensores y Defensoras Locales, as\u00ed como en varios municipios.<\/p>\n\n\n\n<p>Para desarrollar sus funciones, <strong>el s\u00edndic de greuges trabaja con un equipo multidisciplinar de personas asesoras y t\u00e9cnicas<\/strong>. Anteriormente, la ciudad de Barcelona hab\u00eda contado con dos s\u00edndicas: Pilar Malla (2005-2010) y Maria Assumpci\u00f3 Vil\u00e0 (2010-2021).<\/p>\n\n\n\n<h2 class=\"wp-block-heading\">Adjunto al s\u00edndic <\/h2>\n\n\n\n<figure class=\"wp-block-gallery has-nested-images columns-default is-cropped wp-block-gallery-1 is-layout-flex wp-block-gallery-is-layout-flex\">\n<figure class=\"wp-block-image size-large\"><img loading=\"lazy\" decoding=\"async\" width=\"968\" height=\"561\" data-id=\"39308\" src=\"https:\/\/www.sindicaturabarcelona.cat\/wp-content\/uploads\/Captura-1.png\" alt=\"Xavier Bernad\u00ed\" class=\"wp-image-39308\" srcset=\"https:\/\/www.sindicaturabarcelona.cat\/wp-content\/uploads\/Captura-1.png 968w, https:\/\/www.sindicaturabarcelona.cat\/wp-content\/uploads\/Captura-1-800x464.png 800w, https:\/\/www.sindicaturabarcelona.cat\/wp-content\/uploads\/Captura-1-768x445.png 768w\" sizes=\"auto, (max-width: 968px) 100vw, 968px\" \/><\/figure>\n<\/figure>\n\n\n\n<p><strong>Xavier Bernad\u00ed<\/strong> es es licenciado en Derecho por la UAB, doctor en Derecho por la UPF y M\u00e1ster en Administraci\u00f3n P\u00fablica por ESADE. Su trayectoria profesional se ha desarrollado entre la Universidad y la Administraci\u00f3n de la Generalitat.<\/p>\n\n\n\n<p>Ha sido profesor de Derecho administrativo en la UPF a tiempo completo entre 1997 y 2007 y es profesor asociado en la actualidad. Tambi\u00e9n ha impartido docencia en la UB y en la UOC. Conferenciante y ponente en m\u00faltiples jornadas, seminarios y otras actividades de formaci\u00f3n e investigaci\u00f3n, ha sido secretario del Observatorio de la Evoluci\u00f3n de las Instituciones (Obsei) y es autor de cuatro libros y numerosos cap\u00edtulos de libro y art\u00edculos especializados.<\/p>\n\n\n\n<p>Es funcionario del cuerpo superior de la Generalitat de Catalunya. Entre otros puestos de mando, ha sido secretario de la Comisi\u00f3n Bilateral Generalitat-Estado y de otras comisiones bilaterales, una de ellas con el Ayuntamiento de Barcelona. En la Administraci\u00f3n auton\u00f3mica tambi\u00e9n ha ocupado la direcci\u00f3n de la Oficina para el Desarrollo del Autogobierno, la del Centro de Estudios Jur\u00eddicos y Formaci\u00f3n Especializada, la Direcci\u00f3n General de Derecho y Entidades Jur\u00eddicas y la de Asuntos Religiosos. Adem\u00e1s, ha ejercido como secretario del Govern de Catalunya.<\/p>\n\n\n\n<p>A propuesta de la s\u00edndica de greuges de Catalunya, fue designado miembro del \u00d3rgano responsable del Sistema Interno de Informaci\u00f3n del Parlament de Catalunya. Ha colaborado con el F\u00f2rum de S\u00edndics i S\u00edndiques, Defensors i Defensores Locals de Catalunya (<a href=\"https:\/\/sindicatureslocals.cat\/\">F\u00f2rumSD<\/a>), particularmente en el \u00e1mbito de la mediaci\u00f3n administrativa. En el Ayuntamiento de Barcelona, \u200b\u200bha sido miembro del Comit\u00e9 de \u00c9tica.<\/p>\n","protected":false},"excerpt":{"rendered":"<p>El s\u00edndic de greuges de Barcelona es, desde octubre de 2021, David Bondia. Tom\u00f3 posesi\u00f3n del cargo el 6 de octubre de 2021. David Bondia ha sido presidente del Instituto [&hellip;]<\/p>\n","protected":false},"author":2,"featured_media":28825,"parent":0,"menu_order":26,"comment_status":"closed","ping_status":"closed","template":"","meta":{"_acf_changed":false,"footnotes":""},"drets":[],"class_list":["post-115","page","type-page","status-publish","has-post-thumbnail","hentry"],"acf":[],"yoast_head":"<!-- This site is optimized with the Yoast SEO plugin v27.5 - https:\/\/yoast.com\/product\/yoast-seo-wordpress\/ -->\n<title>El s\u00edndic - Sindicatura de Greuges de Barcelona<\/title>\n<meta name=\"robots\" content=\"index, follow, max-snippet:-1, max-image-preview:large, max-video-preview:-1\" \/>\n<link rel=\"canonical\" href=\"https:\/\/www.sindicaturabarcelona.cat\/es\/el-sindic\/\" \/>\n<meta property=\"og:locale\" content=\"es_ES\" \/>\n<meta property=\"og:type\" content=\"article\" \/>\n<meta property=\"og:title\" content=\"El s\u00edndic - Sindicatura de Greuges de Barcelona\" \/>\n<meta property=\"og:description\" content=\"El s\u00edndic de greuges de Barcelona es, desde octubre de 2021, David Bondia. Tom\u00f3 posesi\u00f3n del cargo el 6 de octubre de 2021. David Bondia ha sido presidente del Instituto [&hellip;]\" \/>\n<meta property=\"og:url\" content=\"https:\/\/www.sindicaturabarcelona.cat\/es\/el-sindic\/\" \/>\n<meta property=\"og:site_name\" content=\"Sindicatura de Greuges de Barcelona\" \/>\n<meta property=\"article:modified_time\" content=\"2025-10-07T11:35:57+00:00\" \/>\n<meta property=\"og:image\" content=\"https:\/\/www.sindicaturabarcelona.cat\/wp-content\/uploads\/bg_equip.jpg\" \/>\n\t<meta property=\"og:image:width\" content=\"1020\" \/>\n\t<meta property=\"og:image:height\" content=\"264\" \/>\n\t<meta property=\"og:image:type\" content=\"image\/jpeg\" \/>\n<meta name=\"twitter:card\" content=\"summary_large_image\" \/>\n<meta name=\"twitter:site\" content=\"@sindicbarcelona\" \/>\n<meta name=\"twitter:label1\" content=\"Tiempo de lectura\" \/>\n\t<meta name=\"twitter:data1\" content=\"4 minutos\" \/>\n<script type=\"application\/ld+json\" class=\"yoast-schema-graph\">{\"@context\":\"https:\\\/\\\/schema.org\",\"@graph\":[{\"@type\":\"WebPage\",\"@id\":\"https:\\\/\\\/www.sindicaturabarcelona.cat\\\/es\\\/el-sindic\\\/\",\"url\":\"https:\\\/\\\/www.sindicaturabarcelona.cat\\\/es\\\/el-sindic\\\/\",\"name\":\"El s\u00edndic - Sindicatura de Greuges de Barcelona\",\"isPartOf\":{\"@id\":\"https:\\\/\\\/www.sindicaturabarcelona.cat\\\/es\\\/#website\"},\"primaryImageOfPage\":{\"@id\":\"https:\\\/\\\/www.sindicaturabarcelona.cat\\\/es\\\/el-sindic\\\/#primaryimage\"},\"image\":{\"@id\":\"https:\\\/\\\/www.sindicaturabarcelona.cat\\\/es\\\/el-sindic\\\/#primaryimage\"},\"thumbnailUrl\":\"https:\\\/\\\/www.sindicaturabarcelona.cat\\\/wp-content\\\/uploads\\\/bg_equip.jpg\",\"datePublished\":\"2019-05-09T07:52:17+00:00\",\"dateModified\":\"2025-10-07T11:35:57+00:00\",\"breadcrumb\":{\"@id\":\"https:\\\/\\\/www.sindicaturabarcelona.cat\\\/es\\\/el-sindic\\\/#breadcrumb\"},\"inLanguage\":\"es\",\"potentialAction\":[{\"@type\":\"ReadAction\",\"target\":[\"https:\\\/\\\/www.sindicaturabarcelona.cat\\\/es\\\/el-sindic\\\/\"]}]},{\"@type\":\"ImageObject\",\"inLanguage\":\"es\",\"@id\":\"https:\\\/\\\/www.sindicaturabarcelona.cat\\\/es\\\/el-sindic\\\/#primaryimage\",\"url\":\"https:\\\/\\\/www.sindicaturabarcelona.cat\\\/wp-content\\\/uploads\\\/bg_equip.jpg\",\"contentUrl\":\"https:\\\/\\\/www.sindicaturabarcelona.cat\\\/wp-content\\\/uploads\\\/bg_equip.jpg\",\"width\":1020,\"height\":264,\"caption\":\"Foto de grup de l'equip de la Sindicatura\"},{\"@type\":\"BreadcrumbList\",\"@id\":\"https:\\\/\\\/www.sindicaturabarcelona.cat\\\/es\\\/el-sindic\\\/#breadcrumb\",\"itemListElement\":[{\"@type\":\"ListItem\",\"position\":1,\"name\":\"Inici\",\"item\":\"https:\\\/\\\/www.sindicaturabarcelona.cat\\\/es\\\/\"},{\"@type\":\"ListItem\",\"position\":2,\"name\":\"El s\u00edndic\"}]},{\"@type\":\"WebSite\",\"@id\":\"https:\\\/\\\/www.sindicaturabarcelona.cat\\\/es\\\/#website\",\"url\":\"https:\\\/\\\/www.sindicaturabarcelona.cat\\\/es\\\/\",\"name\":\"Sindicatura de Greuges de Barcelona\",\"description\":\"La defensoria dels teus drets\",\"publisher\":{\"@id\":\"https:\\\/\\\/www.sindicaturabarcelona.cat\\\/es\\\/#organization\"},\"potentialAction\":[{\"@type\":\"SearchAction\",\"target\":{\"@type\":\"EntryPoint\",\"urlTemplate\":\"https:\\\/\\\/www.sindicaturabarcelona.cat\\\/es\\\/?s={search_term_string}\"},\"query-input\":{\"@type\":\"PropertyValueSpecification\",\"valueRequired\":true,\"valueName\":\"search_term_string\"}}],\"inLanguage\":\"es\"},{\"@type\":\"Organization\",\"@id\":\"https:\\\/\\\/www.sindicaturabarcelona.cat\\\/es\\\/#organization\",\"name\":\"Sindicatura de Greuges de Barcelona\",\"url\":\"https:\\\/\\\/www.sindicaturabarcelona.cat\\\/es\\\/\",\"logo\":{\"@type\":\"ImageObject\",\"inLanguage\":\"es\",\"@id\":\"https:\\\/\\\/www.sindicaturabarcelona.cat\\\/es\\\/#\\\/schema\\\/logo\\\/image\\\/\",\"url\":\"https:\\\/\\\/www.sindicaturabarcelona.cat\\\/wp-content\\\/uploads\\\/2023\\\/02\\\/logo_sindicatura.svg\",\"contentUrl\":\"https:\\\/\\\/www.sindicaturabarcelona.cat\\\/wp-content\\\/uploads\\\/2023\\\/02\\\/logo_sindicatura.svg\",\"caption\":\"Sindicatura de Greuges de Barcelona\"},\"image\":{\"@id\":\"https:\\\/\\\/www.sindicaturabarcelona.cat\\\/es\\\/#\\\/schema\\\/logo\\\/image\\\/\"},\"sameAs\":[\"https:\\\/\\\/x.com\\\/sindicbarcelona\",\"https:\\\/\\\/www.instagram.com\\\/sindicbarcelona\\\/\",\"https:\\\/\\\/www.tiktok.com\\\/@sindicaturabcn\",\"https:\\\/\\\/t.me\\\/sindicaturabarcelona\"]}]}<\/script>\n<!-- \/ Yoast SEO plugin. -->","yoast_head_json":{"title":"El s\u00edndic - Sindicatura de Greuges de Barcelona","robots":{"index":"index","follow":"follow","max-snippet":"max-snippet:-1","max-image-preview":"max-image-preview:large","max-video-preview":"max-video-preview:-1"},"canonical":"https:\/\/www.sindicaturabarcelona.cat\/es\/el-sindic\/","og_locale":"es_ES","og_type":"article","og_title":"El s\u00edndic - Sindicatura de Greuges de Barcelona","og_description":"El s\u00edndic de greuges de Barcelona es, desde octubre de 2021, David Bondia. Tom\u00f3 posesi\u00f3n del cargo el 6 de octubre de 2021. David Bondia ha sido presidente del Instituto [&hellip;]","og_url":"https:\/\/www.sindicaturabarcelona.cat\/es\/el-sindic\/","og_site_name":"Sindicatura de Greuges de Barcelona","article_modified_time":"2025-10-07T11:35:57+00:00","og_image":[{"width":1020,"height":264,"url":"https:\/\/www.sindicaturabarcelona.cat\/wp-content\/uploads\/bg_equip.jpg","type":"image\/jpeg"}],"twitter_card":"summary_large_image","twitter_site":"@sindicbarcelona","twitter_misc":{"Tiempo de lectura":"4 minutos"},"schema":{"@context":"https:\/\/schema.org","@graph":[{"@type":"WebPage","@id":"https:\/\/www.sindicaturabarcelona.cat\/es\/el-sindic\/","url":"https:\/\/www.sindicaturabarcelona.cat\/es\/el-sindic\/","name":"El s\u00edndic - Sindicatura de Greuges de Barcelona","isPartOf":{"@id":"https:\/\/www.sindicaturabarcelona.cat\/es\/#website"},"primaryImageOfPage":{"@id":"https:\/\/www.sindicaturabarcelona.cat\/es\/el-sindic\/#primaryimage"},"image":{"@id":"https:\/\/www.sindicaturabarcelona.cat\/es\/el-sindic\/#primaryimage"},"thumbnailUrl":"https:\/\/www.sindicaturabarcelona.cat\/wp-content\/uploads\/bg_equip.jpg","datePublished":"2019-05-09T07:52:17+00:00","dateModified":"2025-10-07T11:35:57+00:00","breadcrumb":{"@id":"https:\/\/www.sindicaturabarcelona.cat\/es\/el-sindic\/#breadcrumb"},"inLanguage":"es","potentialAction":[{"@type":"ReadAction","target":["https:\/\/www.sindicaturabarcelona.cat\/es\/el-sindic\/"]}]},{"@type":"ImageObject","inLanguage":"es","@id":"https:\/\/www.sindicaturabarcelona.cat\/es\/el-sindic\/#primaryimage","url":"https:\/\/www.sindicaturabarcelona.cat\/wp-content\/uploads\/bg_equip.jpg","contentUrl":"https:\/\/www.sindicaturabarcelona.cat\/wp-content\/uploads\/bg_equip.jpg","width":1020,"height":264,"caption":"Foto de grup de l'equip de la Sindicatura"},{"@type":"BreadcrumbList","@id":"https:\/\/www.sindicaturabarcelona.cat\/es\/el-sindic\/#breadcrumb","itemListElement":[{"@type":"ListItem","position":1,"name":"Inici","item":"https:\/\/www.sindicaturabarcelona.cat\/es\/"},{"@type":"ListItem","position":2,"name":"El s\u00edndic"}]},{"@type":"WebSite","@id":"https:\/\/www.sindicaturabarcelona.cat\/es\/#website","url":"https:\/\/www.sindicaturabarcelona.cat\/es\/","name":"Sindicatura de Greuges de Barcelona","description":"La defensoria dels teus drets","publisher":{"@id":"https:\/\/www.sindicaturabarcelona.cat\/es\/#organization"},"potentialAction":[{"@type":"SearchAction","target":{"@type":"EntryPoint","urlTemplate":"https:\/\/www.sindicaturabarcelona.cat\/es\/?s={search_term_string}"},"query-input":{"@type":"PropertyValueSpecification","valueRequired":true,"valueName":"search_term_string"}}],"inLanguage":"es"},{"@type":"Organization","@id":"https:\/\/www.sindicaturabarcelona.cat\/es\/#organization","name":"Sindicatura de Greuges de Barcelona","url":"https:\/\/www.sindicaturabarcelona.cat\/es\/","logo":{"@type":"ImageObject","inLanguage":"es","@id":"https:\/\/www.sindicaturabarcelona.cat\/es\/#\/schema\/logo\/image\/","url":"https:\/\/www.sindicaturabarcelona.cat\/wp-content\/uploads\/2023\/02\/logo_sindicatura.svg","contentUrl":"https:\/\/www.sindicaturabarcelona.cat\/wp-content\/uploads\/2023\/02\/logo_sindicatura.svg","caption":"Sindicatura de Greuges de Barcelona"},"image":{"@id":"https:\/\/www.sindicaturabarcelona.cat\/es\/#\/schema\/logo\/image\/"},"sameAs":["https:\/\/x.com\/sindicbarcelona","https:\/\/www.instagram.com\/sindicbarcelona\/","https:\/\/www.tiktok.com\/@sindicaturabcn","https:\/\/t.me\/sindicaturabarcelona"]}]}},"_links":{"self":[{"href":"https:\/\/www.sindicaturabarcelona.cat\/es\/wp-json\/wp\/v2\/pages\/115","targetHints":{"allow":["GET"]}}],"collection":[{"href":"https:\/\/www.sindicaturabarcelona.cat\/es\/wp-json\/wp\/v2\/pages"}],"about":[{"href":"https:\/\/www.sindicaturabarcelona.cat\/es\/wp-json\/wp\/v2\/types\/page"}],"author":[{"embeddable":true,"href":"https:\/\/www.sindicaturabarcelona.cat\/es\/wp-json\/wp\/v2\/users\/2"}],"replies":[{"embeddable":true,"href":"https:\/\/www.sindicaturabarcelona.cat\/es\/wp-json\/wp\/v2\/comments?post=115"}],"version-history":[{"count":12,"href":"https:\/\/www.sindicaturabarcelona.cat\/es\/wp-json\/wp\/v2\/pages\/115\/revisions"}],"predecessor-version":[{"id":39573,"href":"https:\/\/www.sindicaturabarcelona.cat\/es\/wp-json\/wp\/v2\/pages\/115\/revisions\/39573"}],"wp:featuredmedia":[{"embeddable":true,"href":"https:\/\/www.sindicaturabarcelona.cat\/es\/wp-json\/wp\/v2\/media\/28825"}],"wp:attachment":[{"href":"https:\/\/www.sindicaturabarcelona.cat\/es\/wp-json\/wp\/v2\/media?parent=115"}],"wp:term":[{"taxonomy":"drets","embeddable":true,"href":"https:\/\/www.sindicaturabarcelona.cat\/es\/wp-json\/wp\/v2\/drets?post=115"}],"curies":[{"name":"wp","href":"https:\/\/api.w.org\/{rel}","templated":true}]}}