{"id":28827,"date":"2020-07-06T13:09:53","date_gmt":"2020-07-06T11:09:53","guid":{"rendered":"https:\/\/www.sindicaturabarcelona.cat\/portal-de-transparencia\/organitzacio\/"},"modified":"2025-10-01T12:10:35","modified_gmt":"2025-10-01T10:10:35","slug":"organitzacio","status":"publish","type":"page","link":"https:\/\/www.sindicaturabarcelona.cat\/en\/portal-de-transparencia\/organitzacio\/","title":{"rendered":"Organization"},"content":{"rendered":"\n<figure class=\"wp-block-image size-large\"><img loading=\"lazy\" decoding=\"async\" width=\"1200\" height=\"800\" src=\"https:\/\/www.sindicaturabarcelona.cat\/wp-content\/uploads\/Equip-Sindicatura-2025-1200x800.png\" alt=\"\" class=\"wp-image-36411\" srcset=\"https:\/\/www.sindicaturabarcelona.cat\/wp-content\/uploads\/Equip-Sindicatura-2025-1200x800.png 1200w, https:\/\/www.sindicaturabarcelona.cat\/wp-content\/uploads\/Equip-Sindicatura-2025-800x533.png 800w, https:\/\/www.sindicaturabarcelona.cat\/wp-content\/uploads\/Equip-Sindicatura-2025-768x512.png 768w, https:\/\/www.sindicaturabarcelona.cat\/wp-content\/uploads\/Equip-Sindicatura-2025-1536x1024.png 1536w, https:\/\/www.sindicaturabarcelona.cat\/wp-content\/uploads\/Equip-Sindicatura-2025-2048x1366.png 2048w\" sizes=\"auto, (max-width: 1200px) 100vw, 1200px\" \/><\/figure>\n\n\n\n<h2 class=\"wp-block-heading\">Ombudsman<\/h2>\n\n\n\n<p>David Bondia<\/p>\n\n\n\n<h2 class=\"wp-block-heading\">Assistant to the Ombudsman<\/h2>\n\n\n\n<p>Xavier Berrnad\u00ed<\/p>\n\n\n\n<h2 class=\"wp-block-heading\">Chief of Cabinet<\/h2>\n\n\n\n<p>Oriol Puig<\/p>\n\n\n\n<h2 class=\"wp-block-heading\">Advisors<\/h2>\n\n\n\n<p>Pilar Aldea, Paula Arce, Rosina Fern\u00e1ndez, Patr\u00edcia Mestre, Mar\u00eda Jos\u00e9 Nu\u00f1ez, Eug\u00e8nia Pons, Francesca Reyes, Elisa Salichs and Montse Salt\u00f3<\/p>\n\n\n\n<h2 class=\"wp-block-heading\">Administrative<\/h2>\n\n\n\n<p>Vicky Fern\u00e1ndez, Merche Tello and Esther Tresserra<\/p>\n\n\n\n<h2 class=\"wp-block-heading\">Communication<\/h2>\n\n\n\n<p>Pau Cort\u00e9s and Pablo Monfort<\/p>\n","protected":false},"excerpt":{"rendered":"<p>Ombudsman David Bondia Assistant to the Ombudsman Xavier Berrnad\u00ed Chief of Cabinet Oriol Puig Advisors Pilar Aldea, Paula Arce, Rosina Fern\u00e1ndez, Patr\u00edcia Mestre, Mar\u00eda Jos\u00e9 Nu\u00f1ez, Eug\u00e8nia Pons, Francesca Reyes, [&hellip;]<\/p>\n","protected":false},"author":2,"featured_media":36411,"parent":28656,"menu_order":66,"comment_status":"closed","ping_status":"closed","template":"","meta":{"_acf_changed":false,"footnotes":""},"drets":[],"class_list":["post-28827","page","type-page","status-publish","has-post-thumbnail","hentry"],"acf":[],"yoast_head":"<!-- This site is optimized with the Yoast SEO plugin v27.5 - https:\/\/yoast.com\/product\/yoast-seo-wordpress\/ -->\n<title>Organization - Sindicatura de Greuges de Barcelona<\/title>\n<meta name=\"robots\" content=\"index, follow, max-snippet:-1, max-image-preview:large, max-video-preview:-1\" \/>\n<link rel=\"canonical\" href=\"https:\/\/www.sindicaturabarcelona.cat\/en\/portal-de-transparencia\/organitzacio\/\" \/>\n<meta property=\"og:locale\" content=\"en_US\" \/>\n<meta property=\"og:type\" content=\"article\" \/>\n<meta property=\"og:title\" content=\"Organization - Sindicatura de Greuges de Barcelona\" \/>\n<meta property=\"og:description\" content=\"Ombudsman David Bondia Assistant to the Ombudsman Xavier Berrnad\u00ed Chief of Cabinet Oriol Puig Advisors Pilar Aldea, Paula Arce, Rosina Fern\u00e1ndez, Patr\u00edcia Mestre, Mar\u00eda Jos\u00e9 Nu\u00f1ez, Eug\u00e8nia Pons, Francesca Reyes, [&hellip;]\" \/>\n<meta property=\"og:url\" content=\"https:\/\/www.sindicaturabarcelona.cat\/en\/portal-de-transparencia\/organitzacio\/\" \/>\n<meta property=\"og:site_name\" content=\"Sindicatura de Greuges de Barcelona\" \/>\n<meta property=\"article:modified_time\" content=\"2025-10-01T10:10:35+00:00\" \/>\n<meta property=\"og:image\" content=\"https:\/\/www.sindicaturabarcelona.cat\/wp-content\/uploads\/Equip-Sindicatura-2025-1200x800.png\" \/>\n\t<meta property=\"og:image:width\" content=\"1200\" \/>\n\t<meta property=\"og:image:height\" content=\"800\" \/>\n\t<meta property=\"og:image:type\" content=\"image\/png\" \/>\n<meta name=\"twitter:card\" content=\"summary_large_image\" \/>\n<meta name=\"twitter:site\" content=\"@sindicbarcelona\" \/>\n<meta name=\"twitter:label1\" content=\"Est. reading time\" \/>\n\t<meta name=\"twitter:data1\" content=\"1 minute\" \/>\n<script type=\"application\/ld+json\" class=\"yoast-schema-graph\">{\"@context\":\"https:\\\/\\\/schema.org\",\"@graph\":[{\"@type\":\"WebPage\",\"@id\":\"https:\\\/\\\/www.sindicaturabarcelona.cat\\\/en\\\/portal-de-transparencia\\\/organitzacio\\\/\",\"url\":\"https:\\\/\\\/www.sindicaturabarcelona.cat\\\/en\\\/portal-de-transparencia\\\/organitzacio\\\/\",\"name\":\"Organization - Sindicatura de Greuges de Barcelona\",\"isPartOf\":{\"@id\":\"https:\\\/\\\/www.sindicaturabarcelona.cat\\\/en\\\/#website\"},\"primaryImageOfPage\":{\"@id\":\"https:\\\/\\\/www.sindicaturabarcelona.cat\\\/en\\\/portal-de-transparencia\\\/organitzacio\\\/#primaryimage\"},\"image\":{\"@id\":\"https:\\\/\\\/www.sindicaturabarcelona.cat\\\/en\\\/portal-de-transparencia\\\/organitzacio\\\/#primaryimage\"},\"thumbnailUrl\":\"https:\\\/\\\/www.sindicaturabarcelona.cat\\\/wp-content\\\/uploads\\\/Equip-Sindicatura-2025.png\",\"datePublished\":\"2020-07-06T11:09:53+00:00\",\"dateModified\":\"2025-10-01T10:10:35+00:00\",\"breadcrumb\":{\"@id\":\"https:\\\/\\\/www.sindicaturabarcelona.cat\\\/en\\\/portal-de-transparencia\\\/organitzacio\\\/#breadcrumb\"},\"inLanguage\":\"en-US\",\"potentialAction\":[{\"@type\":\"ReadAction\",\"target\":[\"https:\\\/\\\/www.sindicaturabarcelona.cat\\\/en\\\/portal-de-transparencia\\\/organitzacio\\\/\"]}]},{\"@type\":\"ImageObject\",\"inLanguage\":\"en-US\",\"@id\":\"https:\\\/\\\/www.sindicaturabarcelona.cat\\\/en\\\/portal-de-transparencia\\\/organitzacio\\\/#primaryimage\",\"url\":\"https:\\\/\\\/www.sindicaturabarcelona.cat\\\/wp-content\\\/uploads\\\/Equip-Sindicatura-2025.png\",\"contentUrl\":\"https:\\\/\\\/www.sindicaturabarcelona.cat\\\/wp-content\\\/uploads\\\/Equip-Sindicatura-2025.png\",\"width\":2560,\"height\":1707},{\"@type\":\"BreadcrumbList\",\"@id\":\"https:\\\/\\\/www.sindicaturabarcelona.cat\\\/en\\\/portal-de-transparencia\\\/organitzacio\\\/#breadcrumb\",\"itemListElement\":[{\"@type\":\"ListItem\",\"position\":1,\"name\":\"Inici\",\"item\":\"https:\\\/\\\/www.sindicaturabarcelona.cat\\\/en\\\/\"},{\"@type\":\"ListItem\",\"position\":2,\"name\":\"Transparency portal\",\"item\":\"https:\\\/\\\/www.sindicaturabarcelona.cat\\\/en\\\/portal-de-transparencia\\\/\"},{\"@type\":\"ListItem\",\"position\":3,\"name\":\"Organization\"}]},{\"@type\":\"WebSite\",\"@id\":\"https:\\\/\\\/www.sindicaturabarcelona.cat\\\/en\\\/#website\",\"url\":\"https:\\\/\\\/www.sindicaturabarcelona.cat\\\/en\\\/\",\"name\":\"Sindicatura de Greuges de Barcelona\",\"description\":\"La defensoria dels teus drets\",\"publisher\":{\"@id\":\"https:\\\/\\\/www.sindicaturabarcelona.cat\\\/en\\\/#organization\"},\"potentialAction\":[{\"@type\":\"SearchAction\",\"target\":{\"@type\":\"EntryPoint\",\"urlTemplate\":\"https:\\\/\\\/www.sindicaturabarcelona.cat\\\/en\\\/?s={search_term_string}\"},\"query-input\":{\"@type\":\"PropertyValueSpecification\",\"valueRequired\":true,\"valueName\":\"search_term_string\"}}],\"inLanguage\":\"en-US\"},{\"@type\":\"Organization\",\"@id\":\"https:\\\/\\\/www.sindicaturabarcelona.cat\\\/en\\\/#organization\",\"name\":\"Sindicatura de Greuges de Barcelona\",\"url\":\"https:\\\/\\\/www.sindicaturabarcelona.cat\\\/en\\\/\",\"logo\":{\"@type\":\"ImageObject\",\"inLanguage\":\"en-US\",\"@id\":\"https:\\\/\\\/www.sindicaturabarcelona.cat\\\/en\\\/#\\\/schema\\\/logo\\\/image\\\/\",\"url\":\"https:\\\/\\\/www.sindicaturabarcelona.cat\\\/wp-content\\\/uploads\\\/2023\\\/02\\\/logo_sindicatura.svg\",\"contentUrl\":\"https:\\\/\\\/www.sindicaturabarcelona.cat\\\/wp-content\\\/uploads\\\/2023\\\/02\\\/logo_sindicatura.svg\",\"caption\":\"Sindicatura de Greuges de Barcelona\"},\"image\":{\"@id\":\"https:\\\/\\\/www.sindicaturabarcelona.cat\\\/en\\\/#\\\/schema\\\/logo\\\/image\\\/\"},\"sameAs\":[\"https:\\\/\\\/x.com\\\/sindicbarcelona\",\"https:\\\/\\\/www.instagram.com\\\/sindicbarcelona\\\/\",\"https:\\\/\\\/www.tiktok.com\\\/@sindicaturabcn\",\"https:\\\/\\\/t.me\\\/sindicaturabarcelona\"]}]}<\/script>\n<!-- \/ Yoast SEO plugin. -->","yoast_head_json":{"title":"Organization - Sindicatura de Greuges de Barcelona","robots":{"index":"index","follow":"follow","max-snippet":"max-snippet:-1","max-image-preview":"max-image-preview:large","max-video-preview":"max-video-preview:-1"},"canonical":"https:\/\/www.sindicaturabarcelona.cat\/en\/portal-de-transparencia\/organitzacio\/","og_locale":"en_US","og_type":"article","og_title":"Organization - Sindicatura de Greuges de Barcelona","og_description":"Ombudsman David Bondia Assistant to the Ombudsman Xavier Berrnad\u00ed Chief of Cabinet Oriol Puig Advisors Pilar Aldea, Paula Arce, Rosina Fern\u00e1ndez, Patr\u00edcia Mestre, Mar\u00eda Jos\u00e9 Nu\u00f1ez, Eug\u00e8nia Pons, Francesca Reyes, [&hellip;]","og_url":"https:\/\/www.sindicaturabarcelona.cat\/en\/portal-de-transparencia\/organitzacio\/","og_site_name":"Sindicatura de Greuges de Barcelona","article_modified_time":"2025-10-01T10:10:35+00:00","og_image":[{"width":1200,"height":800,"url":"https:\/\/www.sindicaturabarcelona.cat\/wp-content\/uploads\/Equip-Sindicatura-2025-1200x800.png","type":"image\/png"}],"twitter_card":"summary_large_image","twitter_site":"@sindicbarcelona","twitter_misc":{"Est. reading time":"1 minute"},"schema":{"@context":"https:\/\/schema.org","@graph":[{"@type":"WebPage","@id":"https:\/\/www.sindicaturabarcelona.cat\/en\/portal-de-transparencia\/organitzacio\/","url":"https:\/\/www.sindicaturabarcelona.cat\/en\/portal-de-transparencia\/organitzacio\/","name":"Organization - Sindicatura de Greuges de Barcelona","isPartOf":{"@id":"https:\/\/www.sindicaturabarcelona.cat\/en\/#website"},"primaryImageOfPage":{"@id":"https:\/\/www.sindicaturabarcelona.cat\/en\/portal-de-transparencia\/organitzacio\/#primaryimage"},"image":{"@id":"https:\/\/www.sindicaturabarcelona.cat\/en\/portal-de-transparencia\/organitzacio\/#primaryimage"},"thumbnailUrl":"https:\/\/www.sindicaturabarcelona.cat\/wp-content\/uploads\/Equip-Sindicatura-2025.png","datePublished":"2020-07-06T11:09:53+00:00","dateModified":"2025-10-01T10:10:35+00:00","breadcrumb":{"@id":"https:\/\/www.sindicaturabarcelona.cat\/en\/portal-de-transparencia\/organitzacio\/#breadcrumb"},"inLanguage":"en-US","potentialAction":[{"@type":"ReadAction","target":["https:\/\/www.sindicaturabarcelona.cat\/en\/portal-de-transparencia\/organitzacio\/"]}]},{"@type":"ImageObject","inLanguage":"en-US","@id":"https:\/\/www.sindicaturabarcelona.cat\/en\/portal-de-transparencia\/organitzacio\/#primaryimage","url":"https:\/\/www.sindicaturabarcelona.cat\/wp-content\/uploads\/Equip-Sindicatura-2025.png","contentUrl":"https:\/\/www.sindicaturabarcelona.cat\/wp-content\/uploads\/Equip-Sindicatura-2025.png","width":2560,"height":1707},{"@type":"BreadcrumbList","@id":"https:\/\/www.sindicaturabarcelona.cat\/en\/portal-de-transparencia\/organitzacio\/#breadcrumb","itemListElement":[{"@type":"ListItem","position":1,"name":"Inici","item":"https:\/\/www.sindicaturabarcelona.cat\/en\/"},{"@type":"ListItem","position":2,"name":"Transparency portal","item":"https:\/\/www.sindicaturabarcelona.cat\/en\/portal-de-transparencia\/"},{"@type":"ListItem","position":3,"name":"Organization"}]},{"@type":"WebSite","@id":"https:\/\/www.sindicaturabarcelona.cat\/en\/#website","url":"https:\/\/www.sindicaturabarcelona.cat\/en\/","name":"Sindicatura de Greuges de Barcelona","description":"La defensoria dels teus drets","publisher":{"@id":"https:\/\/www.sindicaturabarcelona.cat\/en\/#organization"},"potentialAction":[{"@type":"SearchAction","target":{"@type":"EntryPoint","urlTemplate":"https:\/\/www.sindicaturabarcelona.cat\/en\/?s={search_term_string}"},"query-input":{"@type":"PropertyValueSpecification","valueRequired":true,"valueName":"search_term_string"}}],"inLanguage":"en-US"},{"@type":"Organization","@id":"https:\/\/www.sindicaturabarcelona.cat\/en\/#organization","name":"Sindicatura de Greuges de Barcelona","url":"https:\/\/www.sindicaturabarcelona.cat\/en\/","logo":{"@type":"ImageObject","inLanguage":"en-US","@id":"https:\/\/www.sindicaturabarcelona.cat\/en\/#\/schema\/logo\/image\/","url":"https:\/\/www.sindicaturabarcelona.cat\/wp-content\/uploads\/2023\/02\/logo_sindicatura.svg","contentUrl":"https:\/\/www.sindicaturabarcelona.cat\/wp-content\/uploads\/2023\/02\/logo_sindicatura.svg","caption":"Sindicatura de Greuges de Barcelona"},"image":{"@id":"https:\/\/www.sindicaturabarcelona.cat\/en\/#\/schema\/logo\/image\/"},"sameAs":["https:\/\/x.com\/sindicbarcelona","https:\/\/www.instagram.com\/sindicbarcelona\/","https:\/\/www.tiktok.com\/@sindicaturabcn","https:\/\/t.me\/sindicaturabarcelona"]}]}},"_links":{"self":[{"href":"https:\/\/www.sindicaturabarcelona.cat\/en\/wp-json\/wp\/v2\/pages\/28827","targetHints":{"allow":["GET"]}}],"collection":[{"href":"https:\/\/www.sindicaturabarcelona.cat\/en\/wp-json\/wp\/v2\/pages"}],"about":[{"href":"https:\/\/www.sindicaturabarcelona.cat\/en\/wp-json\/wp\/v2\/types\/page"}],"author":[{"embeddable":true,"href":"https:\/\/www.sindicaturabarcelona.cat\/en\/wp-json\/wp\/v2\/users\/2"}],"replies":[{"embeddable":true,"href":"https:\/\/www.sindicaturabarcelona.cat\/en\/wp-json\/wp\/v2\/comments?post=28827"}],"version-history":[{"count":8,"href":"https:\/\/www.sindicaturabarcelona.cat\/en\/wp-json\/wp\/v2\/pages\/28827\/revisions"}],"predecessor-version":[{"id":39416,"href":"https:\/\/www.sindicaturabarcelona.cat\/en\/wp-json\/wp\/v2\/pages\/28827\/revisions\/39416"}],"up":[{"embeddable":true,"href":"https:\/\/www.sindicaturabarcelona.cat\/en\/wp-json\/wp\/v2\/pages\/28656"}],"wp:featuredmedia":[{"embeddable":true,"href":"https:\/\/www.sindicaturabarcelona.cat\/en\/wp-json\/wp\/v2\/media\/36411"}],"wp:attachment":[{"href":"https:\/\/www.sindicaturabarcelona.cat\/en\/wp-json\/wp\/v2\/media?parent=28827"}],"wp:term":[{"taxonomy":"drets","embeddable":true,"href":"https:\/\/www.sindicaturabarcelona.cat\/en\/wp-json\/wp\/v2\/drets?post=28827"}],"curies":[{"name":"wp","href":"https:\/\/api.w.org\/{rel}","templated":true}]}}