{"id":3,"date":"2019-05-09T09:25:07","date_gmt":"2019-05-09T07:25:07","guid":{"rendered":"http:\/\/minimalweb.tech\/sindica\/?page_id=3"},"modified":"2020-07-06T13:10:19","modified_gmt":"2020-07-06T11:10:19","slug":"politica-de-privadesa","status":"publish","type":"page","link":"https:\/\/www.sindicaturabarcelona.cat\/ca\/politica-de-privadesa\/","title":{"rendered":"Pol\u00edtica de privadesa"},"content":{"rendered":"<h2 class=\"wp-block-heading\">Qui som<\/h2><p>La nostra adre\u00e7a web \u00e9s: https:\/\/www.sindicaturabarcelona.cat.<\/p><h2 class=\"wp-block-heading\">Quines dades personals recollim i per qu\u00e8<\/h2><h3 class=\"wp-block-heading\">Comentaris<\/h3><p>Quan els visitants deixen comentaris a la web, recollim les dades que es mostren al formulari de contacte, aix\u00ed com l&#8217;adre\u00e7a IP del visitant i la cadena de l&#8217;agent de l&#8217;usuari del navegador per ajudar a la detecci\u00f3 de missatges brossa.<\/p><p>Una cadena anonimitzada creada a partir del correu electr\u00f2nic (tamb\u00e9 nomenat un hash) pot proporcionar-se al servei Gravatar per veure si l&#8217;esteu usant. La pol\u00edtica de privadesa del servei Gravatar est\u00e0 disponible aqu\u00ed: https:\/\/automattic.com\/privacy\/. Una vegada aprovat el comentari, la imatge del vostre perfil \u00e9s visible al p\u00fablic al context del comentari.<\/p><h3 class=\"wp-block-heading\">M\u00e8dia<\/h3><p>Si pugeu imatges al lloc web, heu d&#8217;evitar pujar imatges que incloguin dades de geolocalitzaci\u00f3 (EXIF GPS) incrustades. Els visitants del lloc web poden descarregar i extreure qualsevol informaci\u00f3 de les imatges de la web.<\/p><h3 class=\"wp-block-heading\">Formularis de contacte<\/h3><h3 class=\"wp-block-heading\">Galetes<\/h3><p>Si deixeu un comentari en la p\u00e0gina web, podeu optar per desar el nom, l&#8217;adre\u00e7a de correu electr\u00f2nic i la p\u00e0gina web en les galetes. Aix\u00f2 \u00e9s per la vostra comoditat perqu\u00e8 no h\u00e0geu d&#8217;emplenar les dades de nou quan feu un altre comentari. Aquestes galetes duraran un any.<\/p><p>Si teniu un compte i inicieu sessi\u00f3 en aquesta p\u00e0gina web, es definir\u00e0 una galeta temporal per determinar si el navegador accepta galetes. Aquesta galeta no cont\u00e9 dades personals i es descartar\u00e0 quan tanqueu el navegador.<\/p><p>Quan inicieu sessi\u00f3, tamb\u00e9 es configuraran diverses galetes per desar la informaci\u00f3 d&#8217;inici de sessi\u00f3 i les opcions de visualitzaci\u00f3 de la pantalla. Les galeres d&#8217;inici de sessi\u00f3 duren dos dies, i les galetes de les opcions de pantalla duren un any. Si seleccioneu &quot;Recordeu-me&quot;, l&#8217;inici de sessi\u00f3 persistir\u00e0 durant dues setmanes. Si finalitzeu la sessi\u00f3, les galetes d&#8217;inici de sessi\u00f3 seran suprimides.<\/p><p>Si editeu o publiqueu un article, una galeta addicional es desar\u00e0 al navegador. Aquesta galeta no inclou dades personals i simplement indica l&#8217;identificador de l&#8217;entrada que acabeu d&#8217;editar. Expira despr\u00e9s d&#8217;1 dia.<\/p><h3 class=\"wp-block-heading\">Contingut incrustat d&#8217;altres llocs web<\/h3><p>Els articles en aquesta p\u00e0gina web inclou contingut incrustat (per exemple, v\u00eddeos, imatges, articles, etc.). El contingut incrustat des d&#8217;altres p\u00e0gines web es comporta exactament de la mateixa manera com si el visitant estigu\u00e9s visitant l&#8217;altra p\u00e0gina web.<\/p><p>Aquestes p\u00e0gines web poden recollir dades sobre v\u00f3s, fer servir galetes, incrustar seguiment addicional de terceres parts, i monitorar la interacci\u00f3 amb el contingut incrustat, incloent-hi la tra\u00e7a de la interacci\u00f3 amb el contingut incrustat si teniu un compte i heu iniciat sessi\u00f3 en aquesta p\u00e0gina web.<\/p><h3 class=\"wp-block-heading\">Anal\u00edtiques<\/h3><h2 class=\"wp-block-heading\">Amb qui compartim les vostres dades<\/h2><h2 class=\"wp-block-heading\">Quant de temps retenim les dades<\/h2><p>Si deixeu un comentari, el comentari i les seves dades meta es retenen indefinidament. Aix\u00f2 \u00e9s per poder recon\u00e8ixer i aprovar autom\u00e0ticament qualsevol comentari de seguiment en lloc de mantenir-los en la cua de moderaci\u00f3.<\/p><p>Per als usuaris que es registren en la web (si hi ha), tamb\u00e9 emmagatzemem la informaci\u00f3 personal que proporcionen al seu perfil d&#8217;usuari. Tots els usuaris poden veure, editar o suprimir la seva informaci\u00f3 personal en qualsevol moment (excepte que no poden canviar el seu nom d&#8217;usuari). Els administradors de la p\u00e0gina web poden tamb\u00e9 editar aquesta informaci\u00f3. <\/p><h2 class=\"wp-block-heading\">Quins drets teniu sobre les vostres dades<\/h2><p>Si teniu un compte en aquest lloc web o hi heu deixat comentaris, podeu demanar que us enviem un fitxer d&#8217;exportaci\u00f3 de les vostres dades personals, incloent-hi totes les dades que ens h\u00e0geu proporcionat. Tamb\u00e9 podeu demanar que esborrem qualsevol dada personal vostra que tinguem. Aix\u00f2 no inclou les dades que estiguem obligats a conservar amb prop\u00f2sits administratius, legals o de seguretat.<\/p><h2 class=\"wp-block-heading\">On enviem les vostres dades<\/h2><p>Els comentaris dels visitants han de ser comprovats mitjan\u00e7ant un servei de detecci\u00f3 de brossa automatitzat.<\/p><h2 class=\"wp-block-heading\">Informaci\u00f3 de contacte<\/h2><h2 class=\"wp-block-heading\">Informaci\u00f3 addicional<\/h2><h3 class=\"wp-block-heading\">Com protegim les vostres dades<\/h3><h3 class=\"wp-block-heading\">Quins procediments d&#8217;incompliment de dades tenim en el lloc<\/h3><h3 class=\"wp-block-heading\">De quins tercers rebem dades<\/h3><h3 class=\"wp-block-heading\">Quina presa de decisions automatitzada i\/o perfil fem amb les dades de l&#8217;usuari<\/h3><h3 class=\"wp-block-heading\">Requisits de divulgaci\u00f3 reglament\u00e0ria de la ind\u00fastria<\/h3>","protected":false},"excerpt":{"rendered":"<p>Qui som La nostra adre\u00e7a web \u00e9s: https:\/\/www.sindicaturabarcelona.cat. Quines dades personals recollim i per qu\u00e8 Comentaris Quan els visitants deixen comentaris a la web, recollim les dades que es mostren [&hellip;]<\/p>\n","protected":false},"author":2,"featured_media":0,"parent":0,"menu_order":89,"comment_status":"closed","ping_status":"open","template":"","meta":{"_acf_changed":false,"footnotes":""},"drets":[],"class_list":["post-3","page","type-page","status-publish","hentry"],"acf":[],"yoast_head":"<!-- This site is optimized with the Yoast SEO plugin v27.5 - https:\/\/yoast.com\/product\/yoast-seo-wordpress\/ -->\n<title>Pol\u00edtica de privadesa - Sindicatura de Greuges de Barcelona<\/title>\n<meta name=\"robots\" content=\"index, follow, max-snippet:-1, max-image-preview:large, max-video-preview:-1\" \/>\n<link rel=\"canonical\" href=\"https:\/\/www.sindicaturabarcelona.cat\/ca\/politica-de-privadesa\/\" \/>\n<meta property=\"og:locale\" content=\"ca_ES\" \/>\n<meta property=\"og:type\" content=\"article\" \/>\n<meta property=\"og:title\" content=\"Pol\u00edtica de privadesa - Sindicatura de Greuges de Barcelona\" \/>\n<meta property=\"og:description\" content=\"Qui som La nostra adre\u00e7a web \u00e9s: https:\/\/www.sindicaturabarcelona.cat. Quines dades personals recollim i per qu\u00e8 Comentaris Quan els visitants deixen comentaris a la web, recollim les dades que es mostren [&hellip;]\" \/>\n<meta property=\"og:url\" content=\"https:\/\/www.sindicaturabarcelona.cat\/ca\/politica-de-privadesa\/\" \/>\n<meta property=\"og:site_name\" content=\"Sindicatura de Greuges de Barcelona\" \/>\n<meta property=\"article:modified_time\" content=\"2020-07-06T11:10:19+00:00\" \/>\n<meta name=\"twitter:card\" content=\"summary_large_image\" \/>\n<meta name=\"twitter:site\" content=\"@sindicbarcelona\" \/>\n<meta name=\"twitter:label1\" content=\"Temps estimat de lectura\" \/>\n\t<meta name=\"twitter:data1\" content=\"3 minuts\" \/>\n<script type=\"application\/ld+json\" class=\"yoast-schema-graph\">{\"@context\":\"https:\\\/\\\/schema.org\",\"@graph\":[{\"@type\":\"WebPage\",\"@id\":\"https:\\\/\\\/www.sindicaturabarcelona.cat\\\/ca\\\/politica-de-privadesa\\\/\",\"url\":\"https:\\\/\\\/www.sindicaturabarcelona.cat\\\/ca\\\/politica-de-privadesa\\\/\",\"name\":\"Pol\u00edtica de privadesa - Sindicatura de Greuges de Barcelona\",\"isPartOf\":{\"@id\":\"https:\\\/\\\/www.sindicaturabarcelona.cat\\\/ca\\\/#website\"},\"datePublished\":\"2019-05-09T07:25:07+00:00\",\"dateModified\":\"2020-07-06T11:10:19+00:00\",\"breadcrumb\":{\"@id\":\"https:\\\/\\\/www.sindicaturabarcelona.cat\\\/ca\\\/politica-de-privadesa\\\/#breadcrumb\"},\"inLanguage\":\"ca\",\"potentialAction\":[{\"@type\":\"ReadAction\",\"target\":[\"https:\\\/\\\/www.sindicaturabarcelona.cat\\\/ca\\\/politica-de-privadesa\\\/\"]}]},{\"@type\":\"BreadcrumbList\",\"@id\":\"https:\\\/\\\/www.sindicaturabarcelona.cat\\\/ca\\\/politica-de-privadesa\\\/#breadcrumb\",\"itemListElement\":[{\"@type\":\"ListItem\",\"position\":1,\"name\":\"Inici\",\"item\":\"https:\\\/\\\/www.sindicaturabarcelona.cat\\\/ca\\\/\"},{\"@type\":\"ListItem\",\"position\":2,\"name\":\"Pol\u00edtica de privadesa\"}]},{\"@type\":\"WebSite\",\"@id\":\"https:\\\/\\\/www.sindicaturabarcelona.cat\\\/ca\\\/#website\",\"url\":\"https:\\\/\\\/www.sindicaturabarcelona.cat\\\/ca\\\/\",\"name\":\"Sindicatura de Greuges de Barcelona\",\"description\":\"La defensoria dels teus drets\",\"publisher\":{\"@id\":\"https:\\\/\\\/www.sindicaturabarcelona.cat\\\/ca\\\/#organization\"},\"potentialAction\":[{\"@type\":\"SearchAction\",\"target\":{\"@type\":\"EntryPoint\",\"urlTemplate\":\"https:\\\/\\\/www.sindicaturabarcelona.cat\\\/ca\\\/?s={search_term_string}\"},\"query-input\":{\"@type\":\"PropertyValueSpecification\",\"valueRequired\":true,\"valueName\":\"search_term_string\"}}],\"inLanguage\":\"ca\"},{\"@type\":\"Organization\",\"@id\":\"https:\\\/\\\/www.sindicaturabarcelona.cat\\\/ca\\\/#organization\",\"name\":\"Sindicatura de Greuges de Barcelona\",\"url\":\"https:\\\/\\\/www.sindicaturabarcelona.cat\\\/ca\\\/\",\"logo\":{\"@type\":\"ImageObject\",\"inLanguage\":\"ca\",\"@id\":\"https:\\\/\\\/www.sindicaturabarcelona.cat\\\/ca\\\/#\\\/schema\\\/logo\\\/image\\\/\",\"url\":\"https:\\\/\\\/www.sindicaturabarcelona.cat\\\/wp-content\\\/uploads\\\/2023\\\/02\\\/logo_sindicatura.svg\",\"contentUrl\":\"https:\\\/\\\/www.sindicaturabarcelona.cat\\\/wp-content\\\/uploads\\\/2023\\\/02\\\/logo_sindicatura.svg\",\"caption\":\"Sindicatura de Greuges de Barcelona\"},\"image\":{\"@id\":\"https:\\\/\\\/www.sindicaturabarcelona.cat\\\/ca\\\/#\\\/schema\\\/logo\\\/image\\\/\"},\"sameAs\":[\"https:\\\/\\\/x.com\\\/sindicbarcelona\",\"https:\\\/\\\/www.instagram.com\\\/sindicbarcelona\\\/\",\"https:\\\/\\\/www.tiktok.com\\\/@sindicaturabcn\",\"https:\\\/\\\/t.me\\\/sindicaturabarcelona\"]}]}<\/script>\n<!-- \/ Yoast SEO plugin. -->","yoast_head_json":{"title":"Pol\u00edtica de privadesa - Sindicatura de Greuges de Barcelona","robots":{"index":"index","follow":"follow","max-snippet":"max-snippet:-1","max-image-preview":"max-image-preview:large","max-video-preview":"max-video-preview:-1"},"canonical":"https:\/\/www.sindicaturabarcelona.cat\/ca\/politica-de-privadesa\/","og_locale":"ca_ES","og_type":"article","og_title":"Pol\u00edtica de privadesa - Sindicatura de Greuges de Barcelona","og_description":"Qui som La nostra adre\u00e7a web \u00e9s: https:\/\/www.sindicaturabarcelona.cat. Quines dades personals recollim i per qu\u00e8 Comentaris Quan els visitants deixen comentaris a la web, recollim les dades que es mostren [&hellip;]","og_url":"https:\/\/www.sindicaturabarcelona.cat\/ca\/politica-de-privadesa\/","og_site_name":"Sindicatura de Greuges de Barcelona","article_modified_time":"2020-07-06T11:10:19+00:00","twitter_card":"summary_large_image","twitter_site":"@sindicbarcelona","twitter_misc":{"Temps estimat de lectura":"3 minuts"},"schema":{"@context":"https:\/\/schema.org","@graph":[{"@type":"WebPage","@id":"https:\/\/www.sindicaturabarcelona.cat\/ca\/politica-de-privadesa\/","url":"https:\/\/www.sindicaturabarcelona.cat\/ca\/politica-de-privadesa\/","name":"Pol\u00edtica de privadesa - Sindicatura de Greuges de Barcelona","isPartOf":{"@id":"https:\/\/www.sindicaturabarcelona.cat\/ca\/#website"},"datePublished":"2019-05-09T07:25:07+00:00","dateModified":"2020-07-06T11:10:19+00:00","breadcrumb":{"@id":"https:\/\/www.sindicaturabarcelona.cat\/ca\/politica-de-privadesa\/#breadcrumb"},"inLanguage":"ca","potentialAction":[{"@type":"ReadAction","target":["https:\/\/www.sindicaturabarcelona.cat\/ca\/politica-de-privadesa\/"]}]},{"@type":"BreadcrumbList","@id":"https:\/\/www.sindicaturabarcelona.cat\/ca\/politica-de-privadesa\/#breadcrumb","itemListElement":[{"@type":"ListItem","position":1,"name":"Inici","item":"https:\/\/www.sindicaturabarcelona.cat\/ca\/"},{"@type":"ListItem","position":2,"name":"Pol\u00edtica de privadesa"}]},{"@type":"WebSite","@id":"https:\/\/www.sindicaturabarcelona.cat\/ca\/#website","url":"https:\/\/www.sindicaturabarcelona.cat\/ca\/","name":"Sindicatura de Greuges de Barcelona","description":"La defensoria dels teus drets","publisher":{"@id":"https:\/\/www.sindicaturabarcelona.cat\/ca\/#organization"},"potentialAction":[{"@type":"SearchAction","target":{"@type":"EntryPoint","urlTemplate":"https:\/\/www.sindicaturabarcelona.cat\/ca\/?s={search_term_string}"},"query-input":{"@type":"PropertyValueSpecification","valueRequired":true,"valueName":"search_term_string"}}],"inLanguage":"ca"},{"@type":"Organization","@id":"https:\/\/www.sindicaturabarcelona.cat\/ca\/#organization","name":"Sindicatura de Greuges de Barcelona","url":"https:\/\/www.sindicaturabarcelona.cat\/ca\/","logo":{"@type":"ImageObject","inLanguage":"ca","@id":"https:\/\/www.sindicaturabarcelona.cat\/ca\/#\/schema\/logo\/image\/","url":"https:\/\/www.sindicaturabarcelona.cat\/wp-content\/uploads\/2023\/02\/logo_sindicatura.svg","contentUrl":"https:\/\/www.sindicaturabarcelona.cat\/wp-content\/uploads\/2023\/02\/logo_sindicatura.svg","caption":"Sindicatura de Greuges de Barcelona"},"image":{"@id":"https:\/\/www.sindicaturabarcelona.cat\/ca\/#\/schema\/logo\/image\/"},"sameAs":["https:\/\/x.com\/sindicbarcelona","https:\/\/www.instagram.com\/sindicbarcelona\/","https:\/\/www.tiktok.com\/@sindicaturabcn","https:\/\/t.me\/sindicaturabarcelona"]}]}},"_links":{"self":[{"href":"https:\/\/www.sindicaturabarcelona.cat\/ca\/wp-json\/wp\/v2\/pages\/3","targetHints":{"allow":["GET"]}}],"collection":[{"href":"https:\/\/www.sindicaturabarcelona.cat\/ca\/wp-json\/wp\/v2\/pages"}],"about":[{"href":"https:\/\/www.sindicaturabarcelona.cat\/ca\/wp-json\/wp\/v2\/types\/page"}],"author":[{"embeddable":true,"href":"https:\/\/www.sindicaturabarcelona.cat\/ca\/wp-json\/wp\/v2\/users\/2"}],"replies":[{"embeddable":true,"href":"https:\/\/www.sindicaturabarcelona.cat\/ca\/wp-json\/wp\/v2\/comments?post=3"}],"version-history":[{"count":0,"href":"https:\/\/www.sindicaturabarcelona.cat\/ca\/wp-json\/wp\/v2\/pages\/3\/revisions"}],"wp:attachment":[{"href":"https:\/\/www.sindicaturabarcelona.cat\/ca\/wp-json\/wp\/v2\/media?parent=3"}],"wp:term":[{"taxonomy":"drets","embeddable":true,"href":"https:\/\/www.sindicaturabarcelona.cat\/ca\/wp-json\/wp\/v2\/drets?post=3"}],"curies":[{"name":"wp","href":"https:\/\/api.w.org\/{rel}","templated":true}]}}